{"id":386198,"date":"2026-03-24T11:42:08","date_gmt":"2026-03-24T10:42:08","guid":{"rendered":"https:\/\/axelor.com\/?page_id=386198"},"modified":"2026-03-30T18:05:01","modified_gmt":"2026-03-30T16:05:01","slug":"intelligence-collective","status":"publish","type":"page","link":"https:\/\/axelor.com\/fr\/intelligence-collective\/","title":{"rendered":"Intelligence collective : d\u00e9cuplez la force de vos \u00e9quipes"},"content":{"rendered":"<p>[et_pb_section fb_built=&#8221;1&#8243; _builder_version=&#8221;4.23.1&#8243; _module_preset=&#8221;default&#8221; use_background_color_gradient=&#8221;on&#8221; background_color_gradient_direction=&#8221;20deg&#8221; background_color_gradient_stops=&#8221;#0d021e 0%|#010177 100%&#8221; background_color_gradient_start=&#8221;#0d021e&#8221; background_color_gradient_end=&#8221;#010177&#8243; background_image=&#8221;https:\/\/axelor.com\/wp-content\/uploads\/2024\/03\/icam-header.png&#8221; background_repeat=&#8221;repeat&#8221; custom_margin=&#8221;||||false|false&#8221; custom_padding=&#8221;0px||0px||true|false&#8221; locked=&#8221;off&#8221; global_colors_info=&#8221;{}&#8221; theme_builder_area=&#8221;post_content&#8221; title_text=&#8221;icam-header&#8221; background_position=&#8221;bottom_center&#8221; hover_enabled=&#8221;0&#8243; sticky_enabled=&#8221;0&#8243;][et_pb_row disabled_on=&#8221;on|on|off&#8221; _builder_version=&#8221;4.23.1&#8243; _module_preset=&#8221;default&#8221; width=&#8221;90%&#8221; max_width=&#8221;1380px&#8221; custom_padding=&#8221;||0px||false|false&#8221; custom_css_free_form=&#8221;selector p{||  color:#ffffff;||}&#8221; locked=&#8221;off&#8221; global_colors_info=&#8221;{}&#8221; theme_builder_area=&#8221;post_content&#8221;][et_pb_column type=&#8221;4_4&#8243; _builder_version=&#8221;4.23.1&#8243; _module_preset=&#8221;default&#8221; global_colors_info=&#8221;{}&#8221; theme_builder_area=&#8221;post_content&#8221;][et_pb_code _builder_version=&#8221;4.23.1&#8243; _module_preset=&#8221;default&#8221; global_colors_info=&#8221;{}&#8221; theme_builder_area=&#8221;post_content&#8221;]<\/p>\n<div class=\"ariane\"><!-- [et_pb_line_break_holder] -->  <a href=\"https:\/\/axelor.com\/fr\/\">Axelor<\/a><!-- [et_pb_line_break_holder] -->  <pee style=\"text-align:left;\" class=\"ariane-arrow\">><\/pee><!-- [et_pb_line_break_holder] -->  <a href=\"https:\/\/axelor.com\/fr\/base-connaissances-erp\/\">Guide ERP<\/a><!-- [et_pb_line_break_holder] -->  <pee style=\"text-align:left;\" class=\"ariane-arrow\">><\/pee><!-- [et_pb_line_break_holder] -->  <pee style=\"text-align:left;\">Intelligence collective : d\u00e9cuplez la force de vos \u00e9quipes<\/pee><!-- [et_pb_line_break_holder] --><\/div>\n<p>[\/et_pb_code][\/et_pb_column][\/et_pb_row][et_pb_row column_structure=&#8221;3_5,2_5&#8243; _builder_version=&#8221;4.16&#8243; _module_preset=&#8221;default&#8221; width=&#8221;90%&#8221; max_width=&#8221;1380px&#8221; custom_margin=&#8221;0px||0px||true|false&#8221; custom_padding=&#8221;100px|0px|100px|0px|true|false&#8221; global_colors_info=&#8221;{}&#8221; theme_builder_area=&#8221;post_content&#8221;][et_pb_column type=&#8221;3_5&#8243; _builder_version=&#8221;4.16&#8243; _module_preset=&#8221;default&#8221; global_colors_info=&#8221;{}&#8221; theme_builder_area=&#8221;post_content&#8221;][et_pb_text module_class=&#8221;back-title&#8221; _builder_version=&#8221;4.23.1&#8243; _module_preset=&#8221;default&#8221; header_font_size=&#8221;16px&#8221; custom_margin=&#8221;||0px||false|false&#8221; hover_enabled=&#8221;0&#8243; global_colors_info=&#8221;{}&#8221; theme_builder_area=&#8221;post_content&#8221; sticky_enabled=&#8221;0&#8243;]<\/p>\n<p style=\"text-align: left;\">Intelligence collective<\/p>\n<p>[\/et_pb_text][et_pb_text _builder_version=&#8221;4.23.1&#8243; _module_preset=&#8221;default&#8221; header_text_color=&#8221;#FFFFFF&#8221; header_font_size=&#8221;41px&#8221; custom_margin=&#8221;||0px||false|false&#8221; hover_enabled=&#8221;0&#8243; header_font_size_tablet=&#8221;41px&#8221; header_font_size_phone=&#8221;28px&#8221; header_font_size_last_edited=&#8221;on|phone&#8221; global_colors_info=&#8221;{}&#8221; theme_builder_area=&#8221;post_content&#8221; sticky_enabled=&#8221;0&#8243;]<\/p>\n<h1>Intelligence collective : d\u00e9finition, principes et applications concr\u00e8tes en entreprise<\/h1>\n<p>[\/et_pb_text][et_pb_code _builder_version=&#8221;4.23.1&#8243; _module_preset=&#8221;default&#8221; custom_margin=&#8221;30px||||false|false&#8221; global_colors_info=&#8221;{}&#8221; theme_builder_area=&#8221;post_content&#8221;]<\/p>\n<div class=\"button-group\"><!-- [et_pb_line_break_holder] -->  <a href=\"https:\/\/axelor.com\/fr\/demande-axelor-demo\/\" class=\"button first\"><!-- [et_pb_line_break_holder] --><!-- [et_pb_line_break_holder] -->Demandez votre d\u00e9monstration<!-- [et_pb_line_break_holder] --><!-- [et_pb_line_break_holder] --><\/a><!-- [et_pb_line_break_holder] --><\/div>\n<p>[\/et_pb_code][\/et_pb_column][et_pb_column type=&#8221;2_5&#8243; _builder_version=&#8221;4.16&#8243; _module_preset=&#8221;default&#8221; global_colors_info=&#8221;{}&#8221; theme_builder_area=&#8221;post_content&#8221;][\/et_pb_column][\/et_pb_row][\/et_pb_section][et_pb_section fb_built=&#8221;1&#8243; _builder_version=&#8221;4.23.1&#8243; background_enable_color=&#8221;off&#8221; custom_padding=&#8221;|0px||0px|false|false&#8221; locked=&#8221;off&#8221; global_colors_info=&#8221;{}&#8221; theme_builder_area=&#8221;post_content&#8221;][et_pb_row module_class=&#8221;ver-center invert&#8221; _builder_version=&#8221;4.23.1&#8243; _module_preset=&#8221;default&#8221; width=&#8221;90%&#8221; max_width=&#8221;1380px&#8221; custom_padding=&#8221;0px||||false|false&#8221; locked=&#8221;off&#8221; global_colors_info=&#8221;{}&#8221; theme_builder_area=&#8221;post_content&#8221;][et_pb_column type=&#8221;4_4&#8243; _builder_version=&#8221;4.16&#8243; _module_preset=&#8221;default&#8221; global_colors_info=&#8221;{}&#8221; theme_builder_area=&#8221;post_content&#8221;][et_pb_text _builder_version=&#8221;4.23.1&#8243; _module_preset=&#8221;default&#8221; header_4_font_size=&#8221;20px&#8221; hover_enabled=&#8221;0&#8243; global_colors_info=&#8221;{}&#8221; theme_builder_area=&#8221;post_content&#8221; sticky_enabled=&#8221;0&#8243;]<\/p>\n<p style=\"text-align: left;\">Dans un monde o\u00f9 la transformation digitale red\u00e9finit les modes de travail, les entreprises performantes ne s&#8217;appuient plus uniquement sur des experts isol\u00e9s. Elles misent sur leur capacit\u00e9 \u00e0 mobiliser l&#8217;intelligence collective pour innover et gagner en efficacit\u00e9. Cette approche collaborative devient un levier strat\u00e9gique incontournable.<\/p>\n<p style=\"text-align: left;\">Prenons un cas concret : une \u00e9quipe projet d&#8217;une PME confront\u00e9e \u00e0 une baisse de productivit\u00e9. Plut\u00f4t que d&#8217;imposer une solution descendante, le manager organise un atelier collaboratif. Les id\u00e9es fusent, des prototypes sont test\u00e9s via une plateforme Low Code, et une solution plus agile \u00e9merge naturellement.<\/p>\n<p style=\"text-align: left;\">R\u00e9sultat : engagement renforc\u00e9, efficacit\u00e9 d\u00e9cupl\u00e9e. C&#8217;est toute la puissance de l&#8217;intelligence collective en action.<\/p>\n<p>[\/et_pb_text][\/et_pb_column][\/et_pb_row][\/et_pb_section][et_pb_section fb_built=&#8221;1&#8243; module_class=&#8221;light-gray-bg&#8221; _builder_version=&#8221;4.23.1&#8243; _module_preset=&#8221;default&#8221; custom_padding=&#8221;||||false|false&#8221; locked=&#8221;off&#8221; global_colors_info=&#8221;{}&#8221; theme_builder_area=&#8221;post_content&#8221;][et_pb_row _builder_version=&#8221;4.16&#8243; _module_preset=&#8221;default&#8221; background_color=&#8221;RGBA(0,0,0,0)&#8221; width=&#8221;90%&#8221; max_width=&#8221;1380px&#8221; custom_padding=&#8221;0px||0px||false|false&#8221; border_radii=&#8221;on|10px|10px|10px|10px&#8221; global_colors_info=&#8221;{}&#8221; theme_builder_area=&#8221;post_content&#8221;][et_pb_column type=&#8221;4_4&#8243; _builder_version=&#8221;4.16&#8243; _module_preset=&#8221;default&#8221; global_colors_info=&#8221;{}&#8221; theme_builder_area=&#8221;post_content&#8221;][et_pb_text _builder_version=&#8221;4.16&#8243; _module_preset=&#8221;default&#8221; header_2_font_size=&#8221;42px&#8221; custom_margin=&#8221;||2px|||&#8221; custom_padding=&#8221;5px||5px||true|&#8221; locked=&#8221;off&#8221; global_colors_info=&#8221;{}&#8221; theme_builder_area=&#8221;post_content&#8221;]<\/p>\n<p style=\"text-align: left; font-size: 42px; font-weight: bold; color: #010165;\">Sommaire<\/p>\n<p>[\/et_pb_text][\/et_pb_column][\/et_pb_row][et_pb_row column_structure=&#8221;1_2,1_2&#8243; _builder_version=&#8221;4.23.1&#8243; _module_preset=&#8221;default&#8221; width=&#8221;90%&#8221; max_width=&#8221;1380px&#8221; custom_margin=&#8221;20px||||false|false&#8221; custom_padding=&#8221;0px||0px||true|false&#8221; locked=&#8221;off&#8221; global_colors_info=&#8221;{}&#8221; theme_builder_area=&#8221;post_content&#8221;][et_pb_column type=&#8221;1_2&#8243; _builder_version=&#8221;4.16&#8243; _module_preset=&#8221;default&#8221; global_colors_info=&#8221;{}&#8221; theme_builder_area=&#8221;post_content&#8221;][et_pb_text module_class=&#8221;summary-link&#8221; _builder_version=&#8221;4.23.1&#8243; _module_preset=&#8221;default&#8221; link_font_size=&#8221;16px&#8221; global_colors_info=&#8221;{}&#8221; theme_builder_area=&#8221;post_content&#8221; hover_enabled=&#8221;0&#8243; sticky_enabled=&#8221;0&#8243;]<a href=\"#anchor1\">Qu&#8217;est-ce que l&#8217;intelligence collective ? D\u00e9finition et concepts cl\u00e9<i class=\"material-icons-two-tone\">east<\/i><\/a><br \/>\n<a href=\"#anchor2\">Pourquoi l&#8217;intelligence collective est un levier strat\u00e9gique pour les entreprises ?<i class=\"material-icons-two-tone\">east<\/i><\/a><br \/>\n<a href=\"#anchor3\">Les 5 C de l&#8217;intelligence collective : piliers fondamentaux<i class=\"material-icons-two-tone\">east<\/i><\/a><br \/>\n<a href=\"#anchor4\">M\u00e9canismes et outils pour favoriser l&#8217;intelligence collective en entreprise<i class=\"material-icons-two-tone\">east<\/i><\/a><br \/>\n<a href=\"#anchor5\">Exemples concrets d&#8217;intelligence collective r\u00e9ussie avec Axelor<i class=\"material-icons-two-tone\">east<\/i><\/a>[\/et_pb_text][\/et_pb_column][et_pb_column type=&#8221;1_2&#8243; _builder_version=&#8221;4.16&#8243; _module_preset=&#8221;default&#8221; global_colors_info=&#8221;{}&#8221; theme_builder_area=&#8221;post_content&#8221;][et_pb_text module_class=&#8221;summary-link&#8221; _builder_version=&#8221;4.23.1&#8243; _module_preset=&#8221;default&#8221; link_font_size=&#8221;16px&#8221; global_colors_info=&#8221;{}&#8221; theme_builder_area=&#8221;post_content&#8221; hover_enabled=&#8221;0&#8243; sticky_enabled=&#8221;0&#8243;]<a href=\"#anchor6\">Bonnes pratiques pour d\u00e9velopper l&#8217;intelligence collective durablement<i class=\"material-icons-two-tone\">east<\/i><\/a><br \/>\n<a href=\"#anchor7\">Infographie \u2013 Les 7 leviers de l&#8217;intelligence collective en entreprise<i class=\"material-icons-two-tone\">east<\/i><\/a><br \/>\n<a href=\"#anchor8\">Les limites et d\u00e9fis de l&#8217;intelligence collective \u00e0 anticiper<i class=\"material-icons-two-tone\">east<\/i><\/a><br \/>\n<a href=\"#anchor9\">FAQ \u2014 Questions fr\u00e9quentes sur l&#8217;intelligence collective<i class=\"material-icons-two-tone\">east<\/i><\/a><br \/>\n<a href=\"#anchor10\">Conclusion : faire de l&#8217;intelligence collective un moteur d&#8217;innovation durable<i class=\"material-icons-two-tone\">east<\/i><\/a>[\/et_pb_text][\/et_pb_column][\/et_pb_row][\/et_pb_section][et_pb_section fb_built=&#8221;1&#8243; _builder_version=&#8221;4.23.1&#8243; background_enable_color=&#8221;off&#8221; custom_padding=&#8221;|0px||0px|false|false&#8221; locked=&#8221;off&#8221; global_colors_info=&#8221;{}&#8221; theme_builder_area=&#8221;post_content&#8221;][et_pb_row column_structure=&#8221;2_3,1_3&#8243; module_id=&#8221;anchor1&#8243; module_class=&#8221;ver-center&#8221; _builder_version=&#8221;4.23.1&#8243; _module_preset=&#8221;default&#8221; width=&#8221;90%&#8221; max_width=&#8221;1380px&#8221; custom_padding=&#8221;||||false|false&#8221; global_colors_info=&#8221;{}&#8221; theme_builder_area=&#8221;post_content&#8221; hover_enabled=&#8221;0&#8243; sticky_enabled=&#8221;0&#8243;][et_pb_column type=&#8221;2_3&#8243; _builder_version=&#8221;4.16&#8243; _module_preset=&#8221;default&#8221; global_colors_info=&#8221;{}&#8221; theme_builder_area=&#8221;post_content&#8221;][et_pb_text _builder_version=&#8221;4.23.1&#8243; _module_preset=&#8221;default&#8221; header_2_font_size=&#8221;36px&#8221; custom_margin=&#8221;||29px|||&#8221; hover_enabled=&#8221;0&#8243; header_2_font_size_tablet=&#8221;36px&#8221; header_2_font_size_phone=&#8221;33px&#8221; header_2_font_size_last_edited=&#8221;on|phone&#8221; global_colors_info=&#8221;{}&#8221; theme_builder_area=&#8221;post_content&#8221; sticky_enabled=&#8221;0&#8243;]<\/p>\n<h2>Qu&#8217;est-ce que l&#8217;intelligence collective ? D\u00e9finition et concepts cl\u00e9<\/h2>\n<p>[\/et_pb_text][et_pb_divider color=&#8221;#3ECF8E&#8221; divider_weight=&#8221;2px&#8221; _builder_version=&#8221;4.16&#8243; _module_preset=&#8221;default&#8221; max_width=&#8221;50px&#8221; custom_margin=&#8221;||0px||false|false&#8221; global_colors_info=&#8221;{}&#8221; theme_builder_area=&#8221;post_content&#8221;][\/et_pb_divider][et_pb_text _builder_version=&#8221;4.23.1&#8243; _module_preset=&#8221;default&#8221; header_4_font_size=&#8221;20px&#8221; hover_enabled=&#8221;0&#8243; global_colors_info=&#8221;{}&#8221; theme_builder_area=&#8221;post_content&#8221; sticky_enabled=&#8221;0&#8243;]<\/p>\n<p style=\"text-align: left;\">L&#8217;intelligence collective d\u00e9signe la capacit\u00e9 d&#8217;un groupe \u00e0 penser et agir ensemble de mani\u00e8re plus efficace que ne le ferait chaque individu isol\u00e9ment. Le concept, th\u00e9oris\u00e9 par Pierre L\u00e9vy, repose sur un principe fondamental : &#8220;aucun de nous ne sait tout, mais nous savons tous quelque chose&#8221;. L&#8217;intelligence devient ainsi distribu\u00e9e, connect\u00e9e et \u00e9volutive au sein de l&#8217;organisation.<\/p>\n<h3>\n    D\u00e9finition op\u00e9rationnelle pour l&#8217;entreprise<br \/>\n    <\/h3>\n<p style=\"text-align:left;\">\n      L&#8217;intelligence collective repr\u00e9sente la capacit\u00e9 d&#8217;une organisation \u00e0 r\u00e9soudre collectivement des probl\u00e8mes complexes gr\u00e2ce \u00e0 la synergie des comp\u00e9tences, des id\u00e9es et des outils num\u00e9riques collaboratifs.\n    <\/p>\n<p>[\/et_pb_text][\/et_pb_column][et_pb_column type=&#8221;1_3&#8243; _builder_version=&#8221;4.16&#8243; _module_preset=&#8221;default&#8221; global_colors_info=&#8221;{}&#8221; theme_builder_area=&#8221;post_content&#8221;][et_pb_image src=&#8221;https:\/\/axelor.com\/wp-content\/uploads\/2025\/01\/entretien.png&#8221; title_text=&#8221;entretien&#8221; _builder_version=&#8221;4.23.1&#8243; _module_preset=&#8221;default&#8221; max_width=&#8221;350px&#8221; module_alignment=&#8221;center&#8221; global_colors_info=&#8221;{}&#8221; theme_builder_area=&#8221;post_content&#8221; hover_enabled=&#8221;0&#8243; sticky_enabled=&#8221;0&#8243;][\/et_pb_image][\/et_pb_column][\/et_pb_row][et_pb_row module_class=&#8221;light-gray-bg&#8221; _builder_version=&#8221;4.23.1&#8243; _module_preset=&#8221;default&#8221; width=&#8221;90%&#8221; max_width=&#8221;1380px&#8221; custom_padding=&#8221;35px|35px|35px|35px|true|true&#8221; hover_enabled=&#8221;0&#8243; global_colors_info=&#8221;{}&#8221; theme_builder_area=&#8221;post_content&#8221; sticky_enabled=&#8221;0&#8243; border_radii=&#8221;on|5px|5px|5px|5px&#8221;][et_pb_column type=&#8221;4_4&#8243; _builder_version=&#8221;4.16&#8243; _module_preset=&#8221;default&#8221; global_colors_info=&#8221;{}&#8221; theme_builder_area=&#8221;post_content&#8221;][et_pb_text _builder_version=&#8221;4.23.1&#8243; _module_preset=&#8221;default&#8221; theme_builder_area=&#8221;post_content&#8221; hover_enabled=&#8221;0&#8243; sticky_enabled=&#8221;0&#8243; custom_margin=&#8221;||15px|||&#8221;]<\/p>\n<h3>Intelligence collective vs autres concepts : clarifications essentielles<\/h3>\n<p>[\/et_pb_text][et_pb_text _builder_version=&#8221;4.23.1&#8243; _module_preset=&#8221;default&#8221; theme_builder_area=&#8221;post_content&#8221; hover_enabled=&#8221;0&#8243; sticky_enabled=&#8221;0&#8243;]<\/p>\n<p>Collaboration et intelligence collective : la collaboration reste un mode de travail ponctuel, tandis que l&#8217;intelligence collective s&#8217;inscrit comme une v\u00e9ritable culture organisationnelle durable et structurante.<\/p>\n<p>L\u2019Intelligence collective et intelligence artificielle ? L&#8217;intelligence collective \u00e9mane de l&#8217;humain et de ses interactions, l&#8217;IA vient la compl\u00e9ter et l&#8217;augmenter. Ensemble, elles forment un duo puissant d&#8217;innovation augment\u00e9e au service de la performance.<\/p>\n<p>Cette approche s&#8217;inscrit naturellement au c\u0153ur du management collaboratif moderne, o\u00f9 communication transparente, coop\u00e9ration active et partage des connaissances deviennent les piliers des performances collectives.<\/p>\n<p>[\/et_pb_text][\/et_pb_column][\/et_pb_row][\/et_pb_section][et_pb_section fb_built=&#8221;1&#8243; module_class=&#8221;light-gray-bg&#8221; _builder_version=&#8221;4.23.1&#8243; background_enable_color=&#8221;off&#8221; custom_padding=&#8221;|0px|30px|0px|false|false&#8221; locked=&#8221;off&#8221; global_colors_info=&#8221;{}&#8221; theme_builder_area=&#8221;post_content&#8221;][et_pb_row module_id=&#8221;anchor2&#8243; module_class=&#8221;ver-center &#8221; _builder_version=&#8221;4.23.1&#8243; _module_preset=&#8221;default&#8221; width=&#8221;90%&#8221; max_width=&#8221;1380px&#8221; custom_padding=&#8221;||||false|false&#8221; global_colors_info=&#8221;{}&#8221; theme_builder_area=&#8221;post_content&#8221; column_structure=&#8221;2_3,1_3&#8243; hover_enabled=&#8221;0&#8243; sticky_enabled=&#8221;0&#8243;][et_pb_column type=&#8221;2_3&#8243; _builder_version=&#8221;4.16&#8243; _module_preset=&#8221;default&#8221; global_colors_info=&#8221;{}&#8221; theme_builder_area=&#8221;post_content&#8221;][et_pb_text _builder_version=&#8221;4.23.1&#8243; _module_preset=&#8221;default&#8221; header_2_font_size=&#8221;36px&#8221; custom_margin=&#8221;||30px||false|false&#8221; custom_padding=&#8221;||||false|false&#8221; global_colors_info=&#8221;{}&#8221; theme_builder_area=&#8221;post_content&#8221; hover_enabled=&#8221;0&#8243; sticky_enabled=&#8221;0&#8243;]<\/p>\n<h2>Pourquoi l&#8217;intelligence collective est un levier strat\u00e9gique pour les entreprises ?<\/h2>\n<p>[\/et_pb_text][et_pb_divider color=&#8221;#3ECF8E&#8221; divider_weight=&#8221;2px&#8221; _builder_version=&#8221;4.16&#8243; _module_preset=&#8221;default&#8221; max_width=&#8221;50px&#8221; custom_margin=&#8221;||0px||false|false&#8221; global_colors_info=&#8221;{}&#8221; theme_builder_area=&#8221;post_content&#8221;][\/et_pb_divider][et_pb_text _builder_version=&#8221;4.23.1&#8243; _module_preset=&#8221;default&#8221; theme_builder_area=&#8221;post_content&#8221; hover_enabled=&#8221;0&#8243; sticky_enabled=&#8221;0&#8243;]<\/p>\n<p style=\"text-align: left;\">\u00c0 l&#8217;\u00e8re du travail hybride et des organisations distribu\u00e9es, l&#8217;intelligence collective s&#8217;impose comme un facteur cl\u00e9 de comp\u00e9titivit\u00e9 durable. Les entreprises qui cultivent cette approche enregistrent des taux d&#8217;engagement sup\u00e9rieurs, une cr\u00e9ativit\u00e9 d\u00e9cupl\u00e9e et une agilit\u00e9 d\u00e9cisionnelle nettement am\u00e9lior\u00e9e selon les \u00e9tudes r\u00e9centes.<\/p>\n<p>[\/et_pb_text][\/et_pb_column][et_pb_column type=&#8221;1_3&#8243; _builder_version=&#8221;4.16&#8243; _module_preset=&#8221;default&#8221; global_colors_info=&#8221;{}&#8221; theme_builder_area=&#8221;post_content&#8221;][et_pb_image src=&#8221;https:\/\/axelor.com\/wp-content\/uploads\/2023\/07\/Work-chat-amico-7.png&#8221; _builder_version=&#8221;4.23.1&#8243; _module_preset=&#8221;default&#8221; theme_builder_area=&#8221;post_content&#8221; hover_enabled=&#8221;0&#8243; sticky_enabled=&#8221;0&#8243; alt=&#8221;w\u00e9binaire&#8221;][\/et_pb_image][\/et_pb_column][\/et_pb_row][et_pb_row _builder_version=&#8221;4.23.1&#8243; _module_preset=&#8221;default&#8221; width=&#8221;90%&#8221; max_width=&#8221;1380px&#8221; custom_padding=&#8221;||||false|false&#8221; global_colors_info=&#8221;{}&#8221; theme_builder_area=&#8221;post_content&#8221; hover_enabled=&#8221;0&#8243; sticky_enabled=&#8221;0&#8243;][et_pb_column type=&#8221;4_4&#8243; _builder_version=&#8221;4.16&#8243; _module_preset=&#8221;default&#8221; global_colors_info=&#8221;{}&#8221; theme_builder_area=&#8221;post_content&#8221;][et_pb_text _builder_version=&#8221;4.23.1&#8243; _module_preset=&#8221;default&#8221; header_2_font_size=&#8221;36px&#8221; custom_margin=&#8221;||30px||false|false&#8221; custom_padding=&#8221;||||false|false&#8221; global_colors_info=&#8221;{}&#8221; theme_builder_area=&#8221;post_content&#8221; hover_enabled=&#8221;0&#8243; sticky_enabled=&#8221;0&#8243;]<\/p>\n<h3>Les b\u00e9n\u00e9fices majeurs de l&#8217;intelligence collective<\/h3>\n<p>[\/et_pb_text][et_pb_code _builder_version=&#8221;4.23.1&#8243; _module_preset=&#8221;default&#8221; theme_builder_area=&#8221;post_content&#8221; hover_enabled=&#8221;0&#8243; sticky_enabled=&#8221;0&#8243;]<\/p>\n<div class=\"grid _3\"><!-- [et_pb_line_break_holder] -->  <\/p>\n<article><!-- [et_pb_line_break_holder] -->  <pee style=\"text-align:left;\"><!-- [et_pb_line_break_holder] -->    <b><span style=\"color:#3ECF8E\">\u2022 <\/span>Cr\u00e9ativit\u00e9 et innovation augment\u00e9es<\/b> : la diversit\u00e9 des profils et des perspectives g\u00e9n\u00e8re davantage d&#8217;id\u00e9es novatrices et de solutions originales aux d\u00e9fis complexes.<!-- [et_pb_line_break_holder] -->    <\/pee><!-- [et_pb_line_break_holder] -->  <\/article>\n<p><!-- [et_pb_line_break_holder] -->  <!-- [et_pb_line_break_holder] -->  <\/p>\n<article><!-- [et_pb_line_break_holder] -->  <pee style=\"text-align:left;\"><!-- [et_pb_line_break_holder] -->    <b><span style=\"color:#3ECF8E\">\u2022 <\/span>Prise de d\u00e9cision collective optimis\u00e9e<\/b> : les d\u00e9cisions strat\u00e9giques s&#8217;enrichissent des points de vue crois\u00e9s et des expertises compl\u00e9mentaires de chaque collaborateur.<!-- [et_pb_line_break_holder] -->    <\/pee><!-- [et_pb_line_break_holder] -->  <\/article>\n<p><!-- [et_pb_line_break_holder] -->  <!-- [et_pb_line_break_holder] -->  <\/p>\n<article><!-- [et_pb_line_break_holder] -->  <pee style=\"text-align:left;\"><!-- [et_pb_line_break_holder] -->    <b><span style=\"color:#3ECF8E\">\u2022 <\/span>Engagement des collaborateurs renforc\u00e9<\/b> : chacun devient acteur du projet commun, d\u00e9veloppant un sentiment d&#8217;appartenance et de contribution valorisante.<!-- [et_pb_line_break_holder] -->    <\/pee><!-- [et_pb_line_break_holder] -->  <\/article>\n<p><!-- [et_pb_line_break_holder] -->  <!-- [et_pb_line_break_holder] -->  <\/p>\n<article><!-- [et_pb_line_break_holder] -->  <pee style=\"text-align:left;\"><!-- [et_pb_line_break_holder] -->    <b><span style=\"color:#3ECF8E\">\u2022 <\/span>Agilit\u00e9 et adaptabilit\u00e9 accrues<\/b> : la transversalit\u00e9 des \u00e9quipes et la fluidit\u00e9 des \u00e9changes acc\u00e9l\u00e8rent consid\u00e9rablement les cycles d&#8217;innovation et d&#8217;am\u00e9lioration.<!-- [et_pb_line_break_holder] -->    <\/pee><!-- [et_pb_line_break_holder] -->  <\/article>\n<p><!-- [et_pb_line_break_holder] -->  <!-- [et_pb_line_break_holder] -->  <\/p>\n<article><!-- [et_pb_line_break_holder] -->  <pee style=\"text-align:left;\"><!-- [et_pb_line_break_holder] -->    <b><span style=\"color:#3ECF8E\">\u2022 <\/span>Culture d&#8217;am\u00e9lioration continue<\/b> : le collectif devient naturellement moteur d&#8217;apprentissage organisationnel et de mont\u00e9e en comp\u00e9tences partag\u00e9e.<!-- [et_pb_line_break_holder] -->    <\/pee><!-- [et_pb_line_break_holder] -->  <\/article>\n<p><!-- [et_pb_line_break_holder] --><!-- [et_pb_line_break_holder] -->  <!-- [et_pb_line_break_holder] -->  <!-- [et_pb_line_break_holder] --><\/div>\n<p>[\/et_pb_code][\/et_pb_column][\/et_pb_row][\/et_pb_section][et_pb_section fb_built=&#8221;1&#8243; _builder_version=&#8221;4.23.1&#8243; background_enable_color=&#8221;off&#8221; custom_padding=&#8221;||||false|false&#8221; locked=&#8221;off&#8221; global_colors_info=&#8221;{}&#8221; theme_builder_area=&#8221;post_content&#8221;][et_pb_row column_structure=&#8221;3_5,2_5&#8243; module_id=&#8221;anchor3&#8243; module_class=&#8221;ver-center&#8221; _builder_version=&#8221;4.23.1&#8243; _module_preset=&#8221;default&#8221; width=&#8221;90%&#8221; max_width=&#8221;1380px&#8221; custom_padding=&#8221;||0px||false|false&#8221; global_colors_info=&#8221;{}&#8221; theme_builder_area=&#8221;post_content&#8221; hover_enabled=&#8221;0&#8243; sticky_enabled=&#8221;0&#8243;][et_pb_column type=&#8221;3_5&#8243; _builder_version=&#8221;4.16&#8243; _module_preset=&#8221;default&#8221; global_colors_info=&#8221;{}&#8221; theme_builder_area=&#8221;post_content&#8221;][et_pb_text _builder_version=&#8221;4.23.1&#8243; _module_preset=&#8221;default&#8221; header_2_font_size=&#8221;36px&#8221; custom_margin=&#8221;||30px||false|false&#8221; custom_padding=&#8221;||||false|false&#8221; global_colors_info=&#8221;{}&#8221; theme_builder_area=&#8221;post_content&#8221; hover_enabled=&#8221;0&#8243; sticky_enabled=&#8221;0&#8243;]<\/p>\n<h2>Les 5 C de l&#8217;intelligence collective : piliers fondamentaux<\/h2>\n<p>[\/et_pb_text][et_pb_divider color=&#8221;#3ECF8E&#8221; divider_weight=&#8221;2px&#8221; _builder_version=&#8221;4.16&#8243; _module_preset=&#8221;default&#8221; max_width=&#8221;50px&#8221; custom_margin=&#8221;||0px||false|false&#8221; global_colors_info=&#8221;{}&#8221; theme_builder_area=&#8221;post_content&#8221;][\/et_pb_divider][et_pb_text _builder_version=&#8221;4.23.1&#8243; _module_preset=&#8221;default&#8221; header_4_font_size=&#8221;20px&#8221; global_colors_info=&#8221;{}&#8221; theme_builder_area=&#8221;post_content&#8221; hover_enabled=&#8221;0&#8243; sticky_enabled=&#8221;0&#8243;]<\/p>\n<p style=\"text-align: left;\">Les cinq piliers de l&#8217;intelligence collective forment le socle d&#8217;une culture collaborative performante et durable :<\/p>\n<ul>\n<li><strong>Communication<\/strong> \u2013 \u00c9changes fluides et transparents entre tous les acteurs<\/li>\n<li><strong>Coop\u00e9ration<\/strong> \u2013 Travail synchronis\u00e9 vers des objectifs partag\u00e9s<\/li>\n<li><strong>Confiance<\/strong> \u2013 Base relationnelle permettant la prise de risque collective<\/li>\n<li><strong>Cr\u00e9ativit\u00e9<\/strong> \u2013 Espace d&#8217;expression et d&#8217;innovation ouvert \u00e0 tous<\/li>\n<li><strong>Compl\u00e9mentarit\u00e9<\/strong> \u2013 Valorisation des talents et expertises diverses<\/li>\n<\/ul>\n<p style=\"text-align: left;\">Gr\u00e2ce \u00e0 ses solutions ERP collaboratif, CRM et BPM Low Code, Axelor permet aux entreprises de concr\u00e9tiser efficacement ces principes en rendant la collaboration fluide, mesurable et \u00e9volutive \u00e0 tous les niveaux.<\/p>\n<p>[\/et_pb_text][\/et_pb_column][et_pb_column type=&#8221;2_5&#8243; _builder_version=&#8221;4.16&#8243; _module_preset=&#8221;default&#8221; global_colors_info=&#8221;{}&#8221; theme_builder_area=&#8221;post_content&#8221;][et_pb_image src=&#8221;https:\/\/axelor.com\/wp-content\/uploads\/2023\/08\/checklist.png&#8221; alt=&#8221;checklist&#8221; title_text=&#8221;checklist&#8221; _builder_version=&#8221;4.23.1&#8243; _module_preset=&#8221;default&#8221; max_width=&#8221;400px&#8221; module_alignment=&#8221;center&#8221; global_colors_info=&#8221;{}&#8221; theme_builder_area=&#8221;post_content&#8221; hover_enabled=&#8221;0&#8243; sticky_enabled=&#8221;0&#8243;][\/et_pb_image][\/et_pb_column][\/et_pb_row][\/et_pb_section][et_pb_section fb_built=&#8221;1&#8243; module_class=&#8221;light-gray-bg&#8221; _builder_version=&#8221;4.23.1&#8243; background_enable_color=&#8221;off&#8221; custom_padding=&#8221;||||false|false&#8221; locked=&#8221;off&#8221; global_colors_info=&#8221;{}&#8221; theme_builder_area=&#8221;post_content&#8221;][et_pb_row module_id=&#8221;anchor4&#8243; module_class=&#8221;ver-center&#8221; _builder_version=&#8221;4.23.1&#8243; _module_preset=&#8221;default&#8221; width=&#8221;90%&#8221; max_width=&#8221;1380px&#8221; custom_margin=&#8221;50px||||false|false&#8221; custom_padding=&#8221;||0px||false|false&#8221; global_colors_info=&#8221;{}&#8221; theme_builder_area=&#8221;post_content&#8221; hover_enabled=&#8221;0&#8243; sticky_enabled=&#8221;0&#8243;][et_pb_column type=&#8221;4_4&#8243; _builder_version=&#8221;4.16&#8243; _module_preset=&#8221;default&#8221; global_colors_info=&#8221;{}&#8221; theme_builder_area=&#8221;post_content&#8221;][et_pb_text _builder_version=&#8221;4.23.1&#8243; _module_preset=&#8221;default&#8221; header_2_font_size=&#8221;36px&#8221; custom_margin=&#8221;||30px||false|false&#8221; custom_padding=&#8221;||||false|false&#8221; global_colors_info=&#8221;{}&#8221; theme_builder_area=&#8221;post_content&#8221; hover_enabled=&#8221;0&#8243; sticky_enabled=&#8221;0&#8243;]<\/p>\n<h2>M\u00e9canismes et outils pour favoriser l&#8217;intelligence collective en entreprise<\/h2>\n<p>[\/et_pb_text][et_pb_divider color=&#8221;#3ECF8E&#8221; divider_weight=&#8221;2px&#8221; _builder_version=&#8221;4.23.1&#8243; _module_preset=&#8221;default&#8221; max_width=&#8221;50px&#8221; custom_margin=&#8221;||0px||false|false&#8221; global_colors_info=&#8221;{}&#8221; theme_builder_area=&#8221;post_content&#8221; hover_enabled=&#8221;0&#8243; sticky_enabled=&#8221;0&#8243;][\/et_pb_divider][et_pb_code _builder_version=&#8221;4.23.1&#8243; _module_preset=&#8221;default&#8221; global_colors_info=&#8221;{}&#8221; theme_builder_area=&#8221;post_content&#8221; hover_enabled=&#8221;0&#8243; sticky_enabled=&#8221;0&#8243;]<\/p>\n<div class=\"grid \"><!-- [et_pb_line_break_holder] -->  <\/p>\n<article><!-- [et_pb_line_break_holder] -->  <\/p>\n<h3><!-- [et_pb_line_break_holder] -->    <span style=\"color:#3ECF8E\">1. <\/span>M\u00e9thodes collaboratives \u00e9prouv\u00e9es et efficaces<!-- [et_pb_line_break_holder] -->    <\/h3>\n<p><!-- [et_pb_line_break_holder] -->    <pee style=\"text-align:left;\"><!-- [et_pb_line_break_holder] -->      Les m\u00e9thodes collaboratives structurent et stimulent l&#8217;intelligence collective au quotidien. Parmi les plus efficaces, on retrouve les ateliers de co-cr\u00e9ation et sessions de brainstorming guid\u00e9es qui lib\u00e8rent la cr\u00e9ativit\u00e9 collective. Le Design Thinking associe empathie utilisateur et innovation centr\u00e9e sur les besoins r\u00e9els. Les sprints agiles permettent d&#8217;it\u00e9rer rapidement et d&#8217;ajuster en continu. Les rituels de facilitation comme les r\u00e9trospectives, daily meetings et feedback loops maintiennent l&#8217;alignement des \u00e9quipes.<!-- [et_pb_line_break_holder] -->    <\/pee><!-- [et_pb_line_break_holder] -->    <pee style=\"text-align:left;\"><!-- [et_pb_line_break_holder] -->      Ces approches favorisent l&#8217;expression \u00e9quitable de tous les participants et structurent efficacement les processus de co-construction collective.<!-- [et_pb_line_break_holder] -->    <\/pee><!-- [et_pb_line_break_holder] -->  <\/article>\n<p><!-- [et_pb_line_break_holder] -->  <\/p>\n<article><!-- [et_pb_line_break_holder] -->  <\/p>\n<h3><!-- [et_pb_line_break_holder] -->        <span style=\"color:#3ECF8E\">2. <\/span>Outils num\u00e9riques puissants pour la collaboration<!-- [et_pb_line_break_holder] -->    <\/h3>\n<p><!-- [et_pb_line_break_holder] -->    <pee style=\"text-align:left;\"><!-- [et_pb_line_break_holder] -->      Les outils digitaux jouent un r\u00f4le d\u00e9cisif dans la transformation collaborative des organisations modernes. Les solutions Axelor permettent de centraliser les processus m\u00e9tiers, d&#8217;automatiser les workflows r\u00e9p\u00e9titifs et de connecter toutes les \u00e9quipes via une plateforme unique et int\u00e9gr\u00e9e.<!-- [et_pb_line_break_holder] -->    <\/pee><!-- [et_pb_line_break_holder] -->    <pee style=\"text-align:left;\"><b>\u23af Axelor Platform \/ Low Code : autonomie et agilit\u00e9<\/b><\/pee><!-- [et_pb_line_break_holder] -->    <pee style=\"text-align:left;\"><!-- [et_pb_line_break_holder] -->    Axelor Platform \/ Low Code donne aux entreprises la possibilit\u00e9 de cr\u00e9er rapidement leurs propres applications collaboratives sur mesure, sans comp\u00e9tences techniques pouss\u00e9es.<\/pee><!-- [et_pb_line_break_holder] -->    <pee style=\"text-align:left;\"><!-- [et_pb_line_break_holder] -->    R\u00e9sultat concret : les \u00e9quipes m\u00e9tiers gagnent en autonomie op\u00e9rationnelle, les projets se d\u00e9ploient significativement plus vite, et la prise de d\u00e9cision collective repose sur des donn\u00e9es partag\u00e9es et actualis\u00e9es en temps r\u00e9el.<\/pee><!-- [et_pb_line_break_holder] -->    <pee style=\"text-align:left;\"><b>\u23af Low Code \/ No Code BPM : processus collaboratifs optimis\u00e9s<\/b><\/pee><!-- [et_pb_line_break_holder] -->    <pee style=\"text-align:left;\"><!-- [et_pb_line_break_holder] -->    Avec la plateforme BPM Low Code d&#8217;Axelor, il devient simple de mod\u00e9liser, automatiser et ajuster continuellement les processus collaboratifs. Chaque acteur visualise clairement les \u00e9tapes, commente les actions, et participe activement \u00e0 l&#8217;am\u00e9lioration continue des workflows.<\/pee><!-- [et_pb_line_break_holder] -->        <pee style=\"text-align:left;\"><b>\u23af Business Intelligence et visualisation collaborative des donn\u00e9es<\/b><\/pee><!-- [et_pb_line_break_holder] -->    <pee style=\"text-align:left;\"><!-- [et_pb_line_break_holder] -->    La Business Intelligence Axelor transforme les donn\u00e9es brutes en un langage commun accessible \u00e0 tous les collaborateurs. Les tableaux de bord collaboratifs facilitent la prise de d\u00e9cision collective \u00e9clair\u00e9e et renforcent la transparence organisationnelle, moteur essentiel de la confiance mutuelle.<\/pee><!-- [et_pb_line_break_holder] -->  <\/article>\n<p><!-- [et_pb_line_break_holder] --> <!-- [et_pb_line_break_holder] --><\/div>\n<p>[\/et_pb_code][\/et_pb_column][\/et_pb_row][\/et_pb_section][et_pb_section fb_built=&#8221;1&#8243; _builder_version=&#8221;4.23.1&#8243; background_enable_color=&#8221;off&#8221; custom_padding=&#8221;|0px||0px|false|false&#8221; locked=&#8221;off&#8221; global_colors_info=&#8221;{}&#8221; theme_builder_area=&#8221;post_content&#8221;][et_pb_row module_id=&#8221;anchor5&#8243; module_class=&#8221;ver-center&#8221; _builder_version=&#8221;4.23.1&#8243; _module_preset=&#8221;default&#8221; width=&#8221;90%&#8221; max_width=&#8221;1380px&#8221; custom_padding=&#8221;||0px||false|false&#8221; global_colors_info=&#8221;{}&#8221; theme_builder_area=&#8221;post_content&#8221; hover_enabled=&#8221;0&#8243; sticky_enabled=&#8221;0&#8243;][et_pb_column type=&#8221;4_4&#8243; _builder_version=&#8221;4.16&#8243; _module_preset=&#8221;default&#8221; global_colors_info=&#8221;{}&#8221; theme_builder_area=&#8221;post_content&#8221;][et_pb_text _builder_version=&#8221;4.23.1&#8243; _module_preset=&#8221;default&#8221; header_2_font_size=&#8221;36px&#8221; custom_margin=&#8221;||30px||false|false&#8221; custom_padding=&#8221;||||false|false&#8221; global_colors_info=&#8221;{}&#8221; theme_builder_area=&#8221;post_content&#8221; hover_enabled=&#8221;0&#8243; sticky_enabled=&#8221;0&#8243;]<\/p>\n<h2>Exemples concrets d&#8217;intelligence collective r\u00e9ussie avec Axelor<\/h2>\n<p>[\/et_pb_text][et_pb_divider color=&#8221;#3ECF8E&#8221; divider_weight=&#8221;2px&#8221; _builder_version=&#8221;4.16&#8243; _module_preset=&#8221;default&#8221; max_width=&#8221;50px&#8221; custom_margin=&#8221;||0px||false|false&#8221; global_colors_info=&#8221;{}&#8221; theme_builder_area=&#8221;post_content&#8221;][\/et_pb_divider][\/et_pb_column][\/et_pb_row][et_pb_row module_class=&#8221;light-gray-bg ver-center invert&#8221; _builder_version=&#8221;4.23.1&#8243; _module_preset=&#8221;default&#8221; width=&#8221;90%&#8221; max_width=&#8221;1380px&#8221; custom_padding=&#8221;40px|40px|40px|40px|true|true&#8221; global_colors_info=&#8221;{}&#8221; theme_builder_area=&#8221;post_content&#8221; column_structure=&#8221;1_4,3_4&#8243; hover_enabled=&#8221;0&#8243; sticky_enabled=&#8221;0&#8243; custom_margin=&#8221;||10px||false|false&#8221;][et_pb_column type=&#8221;1_4&#8243; _builder_version=&#8221;4.16&#8243; _module_preset=&#8221;default&#8221; global_colors_info=&#8221;{}&#8221; theme_builder_area=&#8221;post_content&#8221;][et_pb_image src=&#8221;https:\/\/axelor.com\/wp-content\/uploads\/2024\/01\/industrie-1.png&#8221; _builder_version=&#8221;4.23.1&#8243; _module_preset=&#8221;default&#8221; theme_builder_area=&#8221;post_content&#8221; max_width=&#8221;350px&#8221; module_alignment=&#8221;center&#8221; hover_enabled=&#8221;0&#8243; sticky_enabled=&#8221;0&#8243; title_text=&#8221;industrie&#8221;][\/et_pb_image][\/et_pb_column][et_pb_column type=&#8221;3_4&#8243; _builder_version=&#8221;4.16&#8243; _module_preset=&#8221;default&#8221; global_colors_info=&#8221;{}&#8221; theme_builder_area=&#8221;post_content&#8221;][et_pb_text _builder_version=&#8221;4.23.1&#8243; _module_preset=&#8221;default&#8221; global_colors_info=&#8221;{}&#8221; theme_builder_area=&#8221;post_content&#8221; hover_enabled=&#8221;0&#8243; sticky_enabled=&#8221;0&#8243; custom_margin=&#8221;||15px|||&#8221;]<\/p>\n<h3>Secteur industriel : coordination en temps r\u00e9el<\/h3>\n<p>[\/et_pb_text][et_pb_text _builder_version=&#8221;4.23.1&#8243; _module_preset=&#8221;default&#8221; theme_builder_area=&#8221;post_content&#8221; hover_enabled=&#8221;0&#8243; sticky_enabled=&#8221;0&#8243;]<\/p>\n<p style=\"text-align: left;\">Une entreprise leader de l&#8217;\u00e9lectronique, utilisant l&#8217;ERP Axelor pour l&#8217;industrie, a connect\u00e9 ses bureaux d&#8217;\u00e9tudes, la production et les services achats sur une plateforme collaborative unique.<\/p>\n<p style=\"text-align: left;\">Les \u00e9changes d&#8217;informations se font en temps r\u00e9el entre tous les d\u00e9partements, les d\u00e9cisions sont prises plus rapidement et les erreurs ont \u00e9t\u00e9 r\u00e9duites de 30%. L&#8217;intelligence collective devient un atout industriel majeur pour la comp\u00e9titivit\u00e9.<\/p>\n<p>[\/et_pb_text][\/et_pb_column][\/et_pb_row][et_pb_row module_class=&#8221;light-gray-bg ver-center invert&#8221; _builder_version=&#8221;4.23.1&#8243; _module_preset=&#8221;default&#8221; width=&#8221;90%&#8221; max_width=&#8221;1380px&#8221; custom_padding=&#8221;40px|40px|40px|40px|true|true&#8221; global_colors_info=&#8221;{}&#8221; theme_builder_area=&#8221;post_content&#8221; column_structure=&#8221;1_4,3_4&#8243; hover_enabled=&#8221;0&#8243; sticky_enabled=&#8221;0&#8243; custom_margin=&#8221;||10px||false|false&#8221;][et_pb_column type=&#8221;1_4&#8243; _builder_version=&#8221;4.16&#8243; _module_preset=&#8221;default&#8221; global_colors_info=&#8221;{}&#8221; theme_builder_area=&#8221;post_content&#8221;][et_pb_image src=&#8221;https:\/\/axelor.com\/wp-content\/uploads\/2023\/12\/data-analysis.png&#8221; _builder_version=&#8221;4.23.1&#8243; _module_preset=&#8221;default&#8221; theme_builder_area=&#8221;post_content&#8221; max_width=&#8221;350px&#8221; module_alignment=&#8221;center&#8221; hover_enabled=&#8221;0&#8243; sticky_enabled=&#8221;0&#8243; title_text=&#8221;data-analysis&#8221;][\/et_pb_image][\/et_pb_column][et_pb_column type=&#8221;3_4&#8243; _builder_version=&#8221;4.16&#8243; _module_preset=&#8221;default&#8221; global_colors_info=&#8221;{}&#8221; theme_builder_area=&#8221;post_content&#8221;][et_pb_text _builder_version=&#8221;4.23.1&#8243; _module_preset=&#8221;default&#8221; global_colors_info=&#8221;{}&#8221; theme_builder_area=&#8221;post_content&#8221; hover_enabled=&#8221;0&#8243; sticky_enabled=&#8221;0&#8243; custom_margin=&#8221;||15px|||&#8221;]<\/p>\n<h3>Services et IT : alignement des \u00e9quipes<\/h3>\n<p>[\/et_pb_text][et_pb_text _builder_version=&#8221;4.23.1&#8243; _module_preset=&#8221;default&#8221; theme_builder_area=&#8221;post_content&#8221; hover_enabled=&#8221;0&#8243; sticky_enabled=&#8221;0&#8243;]<\/p>\n<p style=\"text-align: left;\">Dans les soci\u00e9t\u00e9s de services num\u00e9riques, la solution Axelor ERP pour les entreprises informatiques favorise la collaboration fluide entre les \u00e9quipes commerciales, techniques et projets.<\/p>\n<p style=\"text-align: left;\">Les processus sont parfaitement align\u00e9s, les d\u00e9lais de livraison r\u00e9duits significativement et la satisfaction client augmente durablement.<\/p>\n<p>[\/et_pb_text][\/et_pb_column][\/et_pb_row][et_pb_row module_class=&#8221;light-gray-bg ver-center invert&#8221; _builder_version=&#8221;4.23.1&#8243; _module_preset=&#8221;default&#8221; width=&#8221;90%&#8221; max_width=&#8221;1380px&#8221; custom_padding=&#8221;40px|40px|40px|40px|true|true&#8221; global_colors_info=&#8221;{}&#8221; theme_builder_area=&#8221;post_content&#8221; column_structure=&#8221;1_4,3_4&#8243; hover_enabled=&#8221;0&#8243; sticky_enabled=&#8221;0&#8243; custom_margin=&#8221;||10px||false|false&#8221;][et_pb_column type=&#8221;1_4&#8243; _builder_version=&#8221;4.16&#8243; _module_preset=&#8221;default&#8221; global_colors_info=&#8221;{}&#8221; theme_builder_area=&#8221;post_content&#8221;][et_pb_image src=&#8221;https:\/\/axelor.com\/wp-content\/uploads\/2023\/06\/8906836-ai.png&#8221; _builder_version=&#8221;4.23.1&#8243; _module_preset=&#8221;default&#8221; theme_builder_area=&#8221;post_content&#8221; max_width=&#8221;350px&#8221; module_alignment=&#8221;center&#8221; hover_enabled=&#8221;0&#8243; sticky_enabled=&#8221;0&#8243; alt=&#8221;tribunal&#8221;][\/et_pb_image][\/et_pb_column][et_pb_column type=&#8221;3_4&#8243; _builder_version=&#8221;4.16&#8243; _module_preset=&#8221;default&#8221; global_colors_info=&#8221;{}&#8221; theme_builder_area=&#8221;post_content&#8221;][et_pb_text _builder_version=&#8221;4.23.1&#8243; _module_preset=&#8221;default&#8221; global_colors_info=&#8221;{}&#8221; theme_builder_area=&#8221;post_content&#8221; hover_enabled=&#8221;0&#8243; sticky_enabled=&#8221;0&#8243; custom_margin=&#8221;||15px|||&#8221;]<\/p>\n<h3>Secteur public : innovation participative<\/h3>\n<p>[\/et_pb_text][et_pb_text _builder_version=&#8221;4.23.1&#8243; _module_preset=&#8221;default&#8221; theme_builder_area=&#8221;post_content&#8221; hover_enabled=&#8221;0&#8243; sticky_enabled=&#8221;0&#8243;]<\/p>\n<p style=\"text-align: left;\">Les collectivit\u00e9s territoriales adoptent des d\u00e9marches participatives innovantes. Gr\u00e2ce \u00e0 l&#8217;ERP open source personnalisable d&#8217;Axelor, elles impliquent agents et citoyens dans la co-construction de solutions locales adapt\u00e9es aux besoins r\u00e9els du territoire.<\/p>\n<p>[\/et_pb_text][\/et_pb_column][\/et_pb_row][\/et_pb_section][et_pb_section fb_built=&#8221;1&#8243; module_class=&#8221;light-gray-bg&#8221; _builder_version=&#8221;4.23.1&#8243; background_enable_color=&#8221;off&#8221; custom_padding=&#8221;||||false|false&#8221; locked=&#8221;off&#8221; global_colors_info=&#8221;{}&#8221; theme_builder_area=&#8221;post_content&#8221;][et_pb_row module_id=&#8221;anchor6&#8243; module_class=&#8221;ver-center&#8221; _builder_version=&#8221;4.23.1&#8243; _module_preset=&#8221;default&#8221; width=&#8221;90%&#8221; max_width=&#8221;1380px&#8221; custom_margin=&#8221;50px||||false|false&#8221; custom_padding=&#8221;||||false|false&#8221; global_colors_info=&#8221;{}&#8221; theme_builder_area=&#8221;post_content&#8221; hover_enabled=&#8221;0&#8243; sticky_enabled=&#8221;0&#8243;][et_pb_column type=&#8221;4_4&#8243; _builder_version=&#8221;4.16&#8243; _module_preset=&#8221;default&#8221; global_colors_info=&#8221;{}&#8221; theme_builder_area=&#8221;post_content&#8221;][et_pb_text _builder_version=&#8221;4.23.1&#8243; _module_preset=&#8221;default&#8221; header_2_font_size=&#8221;36px&#8221; custom_margin=&#8221;||30px||false|false&#8221; custom_padding=&#8221;||||false|false&#8221; global_colors_info=&#8221;{}&#8221; theme_builder_area=&#8221;post_content&#8221; hover_enabled=&#8221;0&#8243; sticky_enabled=&#8221;0&#8243;]<\/p>\n<h2>Bonnes pratiques pour d\u00e9velopper l&#8217;intelligence collective durablement<\/h2>\n<p>[\/et_pb_text][et_pb_divider color=&#8221;#3ECF8E&#8221; divider_weight=&#8221;2px&#8221; _builder_version=&#8221;4.23.1&#8243; _module_preset=&#8221;default&#8221; max_width=&#8221;50px&#8221; custom_margin=&#8221;||0px||false|false&#8221; global_colors_info=&#8221;{}&#8221; theme_builder_area=&#8221;post_content&#8221;][\/et_pb_divider][et_pb_code _builder_version=&#8221;4.23.1&#8243; _module_preset=&#8221;default&#8221; theme_builder_area=&#8221;post_content&#8221; hover_enabled=&#8221;0&#8243; sticky_enabled=&#8221;0&#8243; custom_margin=&#8221;||10px||false|false&#8221;]<\/p>\n<div class=\"grid _3\"><!-- [et_pb_line_break_holder] -->  <\/p>\n<article><!-- [et_pb_line_break_holder] -->  <\/p>\n<h3><!-- [et_pb_line_break_holder] -->    1. Favoriser la confiance et la transparence organisationnelle<!-- [et_pb_line_break_holder] -->    <\/h3>\n<p><!-- [et_pb_line_break_holder] -->    <pee style=\"text-align:left;\"><!-- [et_pb_line_break_holder] -->      L&#8217;intelligence collective repose avant tout sur la confiance mutuelle entre collaborateurs. Les workflows tra\u00e7ables et les droits d&#8217;acc\u00e8s granulaires d&#8217;Axelor garantissent une transparence totale sur les processus et les d\u00e9cisions prises.<!-- [et_pb_line_break_holder] -->    <\/pee><!-- [et_pb_line_break_holder] -->  <\/article>\n<p><!-- [et_pb_line_break_holder] -->  <\/p>\n<article><!-- [et_pb_line_break_holder] -->  <\/p>\n<h3><!-- [et_pb_line_break_holder] -->   2. Valoriser syst\u00e9matiquement chaque contribution individuelle<!-- [et_pb_line_break_holder] -->    <\/h3>\n<p><!-- [et_pb_line_break_holder] -->    <pee style=\"text-align:left;\"><!-- [et_pb_line_break_holder] -->      Les outils collaboratifs doivent permettre de reconna\u00eetre et valoriser les apports individuels au succ\u00e8s collectif. Les tableaux de bord de performance Axelor mettent en lumi\u00e8re la contribution de chacun aux objectifs communs.<!-- [et_pb_line_break_holder] -->    <\/pee><!-- [et_pb_line_break_holder] -->  <\/article>\n<p><!-- [et_pb_line_break_holder] -->  <\/p>\n<article><!-- [et_pb_line_break_holder] -->  <\/p>\n<h3><!-- [et_pb_line_break_holder] -->   3. Instaurer des rituels collaboratifs r\u00e9guliers<!-- [et_pb_line_break_holder] -->    <\/h3>\n<p><!-- [et_pb_line_break_holder] -->    <pee style=\"text-align:left;\"><!-- [et_pb_line_break_holder] -->      R\u00e9unions d&#8217;\u00e9quipe structur\u00e9es, sessions de feedback constructif et rituels d&#8217;am\u00e9lioration continue renforcent la coh\u00e9sion d&#8217;\u00e9quipe et cultivent l&#8217;esprit collaboratif au quotidien.<!-- [et_pb_line_break_holder] -->    <\/pee><!-- [et_pb_line_break_holder] -->  <\/article>\n<p><!-- [et_pb_line_break_holder] --><\/div>\n<p>[\/et_pb_code][et_pb_code _builder_version=&#8221;4.23.1&#8243; _module_preset=&#8221;default&#8221; theme_builder_area=&#8221;post_content&#8221; hover_enabled=&#8221;0&#8243; sticky_enabled=&#8221;0&#8243; custom_margin=&#8221;||10px||false|false&#8221;]<\/p>\n<div class=\"grid _2\"><!-- [et_pb_line_break_holder] -->  <\/p>\n<article><!-- [et_pb_line_break_holder] -->  <\/p>\n<h3><!-- [et_pb_line_break_holder] -->   4. Former les managers \u00e0 la facilitation collaborative<!-- [et_pb_line_break_holder] -->    <\/h3>\n<p><!-- [et_pb_line_break_holder] -->    <pee style=\"text-align:left;\"><!-- [et_pb_line_break_holder] -->      Les managers doivent \u00e9voluer vers un r\u00f4le de facilitateurs, capables de lib\u00e9rer la parole de tous, d&#8217;animer efficacement la co-construction et de g\u00e9rer la dynamique de groupe.<!-- [et_pb_line_break_holder] -->    <\/pee><!-- [et_pb_line_break_holder] -->  <\/article>\n<p><!-- [et_pb_line_break_holder] -->  <\/p>\n<article><!-- [et_pb_line_break_holder] -->  <\/p>\n<h3><!-- [et_pb_line_break_holder] -->   5. Connecter les donn\u00e9es et les \u00e9quipes efficacement<!-- [et_pb_line_break_holder] -->    <\/h3>\n<p><!-- [et_pb_line_break_holder] -->    <pee style=\"text-align:left;\"><!-- [et_pb_line_break_holder] -->      Gr\u00e2ce \u00e0 la Business Intelligence Axelor, les informations deviennent partag\u00e9es, compr\u00e9hensibles par tous et imm\u00e9diatement actionnables pour des d\u00e9cisions \u00e9clair\u00e9es.<!-- [et_pb_line_break_holder] -->    <\/pee><!-- [et_pb_line_break_holder] -->  <\/article>\n<p><!-- [et_pb_line_break_holder] --><\/div>\n<p>[\/et_pb_code][\/et_pb_column][\/et_pb_row][\/et_pb_section][et_pb_section fb_built=&#8221;1&#8243; _builder_version=&#8221;4.23.1&#8243; background_enable_color=&#8221;off&#8221; custom_padding=&#8221;||||false|false&#8221; locked=&#8221;off&#8221; global_colors_info=&#8221;{}&#8221; theme_builder_area=&#8221;post_content&#8221; hover_enabled=&#8221;0&#8243; sticky_enabled=&#8221;0&#8243;][et_pb_row column_structure=&#8221;1_3,2_3&#8243; module_id=&#8221;anchor7&#8243; module_class=&#8221;ver-center invert&#8221; _builder_version=&#8221;4.23.1&#8243; _module_preset=&#8221;default&#8221; width=&#8221;90%&#8221; max_width=&#8221;1380px&#8221; custom_margin=&#8221;50px||||false|false&#8221; custom_padding=&#8221;||||false|false&#8221; global_colors_info=&#8221;{}&#8221; theme_builder_area=&#8221;post_content&#8221; hover_enabled=&#8221;0&#8243; sticky_enabled=&#8221;0&#8243;][et_pb_column type=&#8221;1_3&#8243; _builder_version=&#8221;4.16&#8243; _module_preset=&#8221;default&#8221; global_colors_info=&#8221;{}&#8221; theme_builder_area=&#8221;post_content&#8221;][et_pb_image src=&#8221;https:\/\/axelor.com\/wp-content\/uploads\/2023\/12\/formation-bpm2.png&#8221; _builder_version=&#8221;4.23.1&#8243; _module_preset=&#8221;default&#8221; theme_builder_area=&#8221;post_content&#8221; max_width=&#8221;400px&#8221; module_alignment=&#8221;center&#8221; hover_enabled=&#8221;0&#8243; sticky_enabled=&#8221;0&#8243; title_text=&#8221;formation-bpm2&#8243;][\/et_pb_image][\/et_pb_column][et_pb_column type=&#8221;2_3&#8243; _builder_version=&#8221;4.16&#8243; _module_preset=&#8221;default&#8221; global_colors_info=&#8221;{}&#8221; theme_builder_area=&#8221;post_content&#8221;][et_pb_text _builder_version=&#8221;4.23.1&#8243; _module_preset=&#8221;default&#8221; header_2_font_size=&#8221;36px&#8221; custom_margin=&#8221;||30px||false|false&#8221; custom_padding=&#8221;||||false|false&#8221; global_colors_info=&#8221;{}&#8221; theme_builder_area=&#8221;post_content&#8221; hover_enabled=&#8221;0&#8243; sticky_enabled=&#8221;0&#8243;]<\/p>\n<h2>Infographie \u2013 Les 7 leviers de l&#8217;intelligence collective en entreprise<\/h2>\n<p>[\/et_pb_text][et_pb_divider color=&#8221;#3ECF8E&#8221; divider_weight=&#8221;2px&#8221; _builder_version=&#8221;4.23.1&#8243; _module_preset=&#8221;default&#8221; max_width=&#8221;50px&#8221; custom_margin=&#8221;||0px||false|false&#8221; global_colors_info=&#8221;{}&#8221; theme_builder_area=&#8221;post_content&#8221;][\/et_pb_divider][et_pb_text _builder_version=&#8221;4.23.1&#8243; _module_preset=&#8221;default&#8221; theme_builder_area=&#8221;post_content&#8221; hover_enabled=&#8221;0&#8243; sticky_enabled=&#8221;0&#8243;]<\/p>\n<ul>\n<li>Confiance &amp; transparence \u2013 Fondation relationnelle de la collaboration<\/li>\n<li>Communication fluide \u2013 \u00c9changes efficaces et sans friction<\/li>\n<li>Coop\u00e9ration active \u2013 Travail synchronis\u00e9 vers un but commun<\/li>\n<li>Cr\u00e9ativit\u00e9 ouverte \u2013 Innovation participative et exp\u00e9rimentation<\/li>\n<li>Compl\u00e9mentarit\u00e9 des comp\u00e9tences \u2013 Diversit\u00e9 comme richesse<\/li>\n<li>Autonomie et responsabilisation \u2013 Empowerment des \u00e9quipes<\/li>\n<li>Outils num\u00e9riques int\u00e9gr\u00e9s \u2013 ERP collaboratif, Low Code, BI connect\u00e9e<\/li>\n<\/ul>\n<p style=\"text-align: left;\">Astuce d&#8217;expert : combinez ces sept leviers \u00e0 une gouvernance v\u00e9ritablement participative pour faire \u00e9merger la performance collective durable de votre organisation.<\/p>\n<p>[\/et_pb_text][\/et_pb_column][\/et_pb_row][\/et_pb_section][et_pb_section fb_built=&#8221;1&#8243; module_class=&#8221;light-gray-bg&#8221; _builder_version=&#8221;4.23.1&#8243; background_enable_color=&#8221;off&#8221; custom_padding=&#8221;||||false|false&#8221; locked=&#8221;off&#8221; global_colors_info=&#8221;{}&#8221; theme_builder_area=&#8221;post_content&#8221; hover_enabled=&#8221;0&#8243; sticky_enabled=&#8221;0&#8243;][et_pb_row module_id=&#8221;anchor8&#8243; module_class=&#8221;ver-center&#8221; _builder_version=&#8221;4.23.1&#8243; _module_preset=&#8221;default&#8221; width=&#8221;90%&#8221; max_width=&#8221;1380px&#8221; custom_margin=&#8221;50px||||false|false&#8221; custom_padding=&#8221;||0px||false|false&#8221; global_colors_info=&#8221;{}&#8221; theme_builder_area=&#8221;post_content&#8221; hover_enabled=&#8221;0&#8243; sticky_enabled=&#8221;0&#8243;][et_pb_column type=&#8221;4_4&#8243; _builder_version=&#8221;4.16&#8243; _module_preset=&#8221;default&#8221; global_colors_info=&#8221;{}&#8221; theme_builder_area=&#8221;post_content&#8221;][et_pb_text _builder_version=&#8221;4.23.1&#8243; _module_preset=&#8221;default&#8221; header_2_font_size=&#8221;36px&#8221; custom_margin=&#8221;||30px||false|false&#8221; custom_padding=&#8221;||||false|false&#8221; global_colors_info=&#8221;{}&#8221; theme_builder_area=&#8221;post_content&#8221; hover_enabled=&#8221;0&#8243; sticky_enabled=&#8221;0&#8243;]<\/p>\n<h2>Les limites et d\u00e9fis de l&#8217;intelligence collective \u00e0 anticiper<\/h2>\n<p>[\/et_pb_text][et_pb_divider color=&#8221;#3ECF8E&#8221; divider_weight=&#8221;2px&#8221; _builder_version=&#8221;4.23.1&#8243; _module_preset=&#8221;default&#8221; max_width=&#8221;50px&#8221; custom_margin=&#8221;||0px||false|false&#8221; global_colors_info=&#8221;{}&#8221; theme_builder_area=&#8221;post_content&#8221;][\/et_pb_divider][\/et_pb_column][\/et_pb_row][et_pb_row column_structure=&#8221;2_3,1_3&#8243; module_id=&#8221;anchor6&#8243; module_class=&#8221;ver-center&#8221; _builder_version=&#8221;4.23.1&#8243; _module_preset=&#8221;default&#8221; width=&#8221;90%&#8221; max_width=&#8221;1380px&#8221; custom_margin=&#8221;||||false|false&#8221; custom_padding=&#8221;0px||||false|false&#8221; global_colors_info=&#8221;{}&#8221; theme_builder_area=&#8221;post_content&#8221; hover_enabled=&#8221;0&#8243; sticky_enabled=&#8221;0&#8243;][et_pb_column type=&#8221;2_3&#8243; _builder_version=&#8221;4.16&#8243; _module_preset=&#8221;default&#8221; global_colors_info=&#8221;{}&#8221; theme_builder_area=&#8221;post_content&#8221;][et_pb_text _builder_version=&#8221;4.23.1&#8243; _module_preset=&#8221;default&#8221; theme_builder_area=&#8221;post_content&#8221; hover_enabled=&#8221;0&#8243; sticky_enabled=&#8221;0&#8243;]<\/p>\n<p style=\"text-align: left;\">Malgr\u00e9 ses nombreux b\u00e9n\u00e9fices av\u00e9r\u00e9s, l&#8217;intelligence collective peut pr\u00e9senter certaines d\u00e9rives qui n\u00e9cessitent vigilance et r\u00e9gulation pour pr\u00e9server la performance organisationnelle.<\/p>\n<p style=\"text-align: left;\">Risques potentiels \u00e0 identifier : l&#8217;effet de groupe peut g\u00e9n\u00e9rer une pens\u00e9e unique limitant paradoxalement la cr\u00e9ativit\u00e9 et l&#8217;innovation. La paralysie d\u00e9cisionnelle survient lorsqu&#8217;il y a trop d&#8217;avis sans processus de d\u00e9cision clair. La domination de profils assertifs peut \u00e9touffer les voix plus discr\u00e8tes mais pertinentes.<\/p>\n<p style=\"text-align: left;\">Conditions de succ\u00e8s essentielles : \u00e9tablir un cadre collaboratif clair avec des r\u00f4les bien d\u00e9finis pour chaque participant. D\u00e9velopper un leadership facilitateur qui r\u00e9gule sans dominer les \u00e9changes. D\u00e9ployer des outils favorisant naturellement la transparence et la r\u00e9gulation des interactions.<\/p>\n<p style=\"text-align: left;\">Gr\u00e2ce \u00e0 son architecture modulaire flexible et \u00e0 ses fonctionnalit\u00e9s avanc\u00e9es d&#8217;audit et de gouvernance, Axelor aide les dirigeants \u00e0 structurer efficacement la collaboration sans perdre en agilit\u00e9 op\u00e9rationnelle ni en efficacit\u00e9 d\u00e9cisionnelle.<\/p>\n<p>[\/et_pb_text][\/et_pb_column][et_pb_column type=&#8221;1_3&#8243; _builder_version=&#8221;4.16&#8243; _module_preset=&#8221;default&#8221; global_colors_info=&#8221;{}&#8221; theme_builder_area=&#8221;post_content&#8221;][et_pb_image src=&#8221;https:\/\/axelor.com\/wp-content\/uploads\/2023\/07\/Work-chat-amico-4.png&#8221; _builder_version=&#8221;4.23.1&#8243; _module_preset=&#8221;default&#8221; theme_builder_area=&#8221;post_content&#8221; max_width=&#8221;400px&#8221; module_alignment=&#8221;center&#8221; hover_enabled=&#8221;0&#8243; sticky_enabled=&#8221;0&#8243; alt=&#8221;discussion&#8221;][\/et_pb_image][\/et_pb_column][\/et_pb_row][\/et_pb_section][et_pb_section fb_built=&#8221;1&#8243; _builder_version=&#8221;4.23.1&#8243; background_enable_color=&#8221;off&#8221; custom_padding=&#8221;||||false|false&#8221; locked=&#8221;off&#8221; global_colors_info=&#8221;{}&#8221; theme_builder_area=&#8221;post_content&#8221; hover_enabled=&#8221;0&#8243; sticky_enabled=&#8221;0&#8243;][et_pb_row module_id=&#8221;anchor9&#8243; module_class=&#8221;ver-center&#8221; _builder_version=&#8221;4.23.1&#8243; _module_preset=&#8221;default&#8221; width=&#8221;90%&#8221; max_width=&#8221;1380px&#8221; custom_margin=&#8221;50px||||false|false&#8221; custom_padding=&#8221;||0px||false|false&#8221; global_colors_info=&#8221;{}&#8221; theme_builder_area=&#8221;post_content&#8221; hover_enabled=&#8221;0&#8243; sticky_enabled=&#8221;0&#8243;][et_pb_column type=&#8221;4_4&#8243; _builder_version=&#8221;4.16&#8243; _module_preset=&#8221;default&#8221; global_colors_info=&#8221;{}&#8221; theme_builder_area=&#8221;post_content&#8221;][et_pb_text _builder_version=&#8221;4.23.1&#8243; _module_preset=&#8221;default&#8221; header_2_font_size=&#8221;36px&#8221; custom_margin=&#8221;||30px||false|false&#8221; custom_padding=&#8221;||||false|false&#8221; global_colors_info=&#8221;{}&#8221; theme_builder_area=&#8221;post_content&#8221; hover_enabled=&#8221;0&#8243; sticky_enabled=&#8221;0&#8243;]<\/p>\n<h2>FAQ \u2014 Questions fr\u00e9quentes sur l&#8217;intelligence collective<\/h2>\n<p>[\/et_pb_text][et_pb_divider color=&#8221;#3ECF8E&#8221; divider_weight=&#8221;2px&#8221; _builder_version=&#8221;4.23.1&#8243; _module_preset=&#8221;default&#8221; max_width=&#8221;50px&#8221; custom_margin=&#8221;||0px||false|false&#8221; global_colors_info=&#8221;{}&#8221; theme_builder_area=&#8221;post_content&#8221;][\/et_pb_divider][\/et_pb_column][\/et_pb_row][et_pb_row module_id=&#8221;anchor6&#8243; module_class=&#8221;ver-center&#8221; _builder_version=&#8221;4.23.1&#8243; _module_preset=&#8221;default&#8221; width=&#8221;90%&#8221; max_width=&#8221;1380px&#8221; custom_margin=&#8221;||||false|false&#8221; custom_padding=&#8221;0px||||false|false&#8221; global_colors_info=&#8221;{}&#8221; theme_builder_area=&#8221;post_content&#8221; hover_enabled=&#8221;0&#8243; sticky_enabled=&#8221;0&#8243;][et_pb_column type=&#8221;4_4&#8243; _builder_version=&#8221;4.16&#8243; _module_preset=&#8221;default&#8221; global_colors_info=&#8221;{}&#8221; theme_builder_area=&#8221;post_content&#8221;][et_pb_text _builder_version=&#8221;4.23.1&#8243; _module_preset=&#8221;default&#8221; theme_builder_area=&#8221;post_content&#8221; hover_enabled=&#8221;0&#8243; sticky_enabled=&#8221;0&#8243; module_class=&#8221;light-gray-bg&#8221; custom_padding=&#8221;10px|15px|10px|15px|true|true&#8221; custom_margin=&#8221;||10px||false|false&#8221;]<\/p>\n<p style=\"text-align: left;\"><strong>\u2609 Qu&#8217;est-ce que l&#8217;intelligence collaborative concr\u00e8tement ?<\/strong><\/p>\n<p>[\/et_pb_text][et_pb_text _builder_version=&#8221;4.23.1&#8243; _module_preset=&#8221;default&#8221; theme_builder_area=&#8221;post_content&#8221; hover_enabled=&#8221;0&#8243; sticky_enabled=&#8221;0&#8243; custom_padding=&#8221;|15px||15px|false|true&#8221;]<\/p>\n<p style=\"text-align: left;\">L&#8217;intelligence collaborative d\u00e9signe une approche qui facilite le travail en \u00e9quipe via des outils num\u00e9riques adapt\u00e9s et des m\u00e9thodes participatives structur\u00e9es. Elle constitue le pilier op\u00e9rationnel et quotidien de l&#8217;intelligence collective organisationnelle.<\/p>\n<p>[\/et_pb_text][\/et_pb_column][\/et_pb_row][et_pb_row module_id=&#8221;anchor6&#8243; module_class=&#8221;ver-center&#8221; _builder_version=&#8221;4.23.1&#8243; _module_preset=&#8221;default&#8221; width=&#8221;90%&#8221; max_width=&#8221;1380px&#8221; custom_margin=&#8221;||||false|false&#8221; custom_padding=&#8221;0px||||false|false&#8221; global_colors_info=&#8221;{}&#8221; theme_builder_area=&#8221;post_content&#8221; hover_enabled=&#8221;0&#8243; sticky_enabled=&#8221;0&#8243;][et_pb_column type=&#8221;4_4&#8243; _builder_version=&#8221;4.16&#8243; _module_preset=&#8221;default&#8221; global_colors_info=&#8221;{}&#8221; theme_builder_area=&#8221;post_content&#8221;][et_pb_text _builder_version=&#8221;4.23.1&#8243; _module_preset=&#8221;default&#8221; theme_builder_area=&#8221;post_content&#8221; hover_enabled=&#8221;0&#8243; sticky_enabled=&#8221;0&#8243; module_class=&#8221;light-gray-bg&#8221; custom_padding=&#8221;10px|15px|10px|15px|true|true&#8221; custom_margin=&#8221;||10px||false|false&#8221;]<\/p>\n<p style=\"text-align: left;\"><strong>\u2609 Quels sont les 5 C de l&#8217;intelligence collective ?<\/strong><\/p>\n<p>[\/et_pb_text][et_pb_text _builder_version=&#8221;4.23.1&#8243; _module_preset=&#8221;default&#8221; theme_builder_area=&#8221;post_content&#8221; hover_enabled=&#8221;0&#8243; sticky_enabled=&#8221;0&#8243; custom_padding=&#8221;|15px||15px|false|true&#8221;]<\/p>\n<p style=\"text-align: left;\">Les 5 C repr\u00e9sentent les fondements d&#8217;une collaboration r\u00e9ussie : Communication fluide, Coop\u00e9ration active, Confiance mutuelle, Cr\u00e9ativit\u00e9 stimul\u00e9e, Compl\u00e9mentarit\u00e9 des talents \u2014 ces piliers forment l&#8217;ADN de l&#8217;intelligence collective performante.<\/p>\n<p>[\/et_pb_text][\/et_pb_column][\/et_pb_row][et_pb_row module_id=&#8221;anchor6&#8243; module_class=&#8221;ver-center&#8221; _builder_version=&#8221;4.23.1&#8243; _module_preset=&#8221;default&#8221; width=&#8221;90%&#8221; max_width=&#8221;1380px&#8221; custom_margin=&#8221;||||false|false&#8221; custom_padding=&#8221;0px||||false|false&#8221; global_colors_info=&#8221;{}&#8221; theme_builder_area=&#8221;post_content&#8221; hover_enabled=&#8221;0&#8243; sticky_enabled=&#8221;0&#8243;][et_pb_column type=&#8221;4_4&#8243; _builder_version=&#8221;4.16&#8243; _module_preset=&#8221;default&#8221; global_colors_info=&#8221;{}&#8221; theme_builder_area=&#8221;post_content&#8221;][et_pb_text _builder_version=&#8221;4.23.1&#8243; _module_preset=&#8221;default&#8221; theme_builder_area=&#8221;post_content&#8221; hover_enabled=&#8221;0&#8243; sticky_enabled=&#8221;0&#8243; module_class=&#8221;light-gray-bg&#8221; custom_padding=&#8221;10px|15px|10px|15px|true|true&#8221; custom_margin=&#8221;||10px||false|false&#8221;]<\/p>\n<p style=\"text-align: left;\"><strong>\u2609 Comment d\u00e9velopper l&#8217;intelligence collective dans son entreprise ?<\/strong><\/p>\n<p>[\/et_pb_text][et_pb_text _builder_version=&#8221;4.23.1&#8243; _module_preset=&#8221;default&#8221; theme_builder_area=&#8221;post_content&#8221; hover_enabled=&#8221;0&#8243; sticky_enabled=&#8221;0&#8243; custom_padding=&#8221;|15px||15px|false|true&#8221;]<\/p>\n<p style=\"text-align: left;\">Pour d\u00e9velopper l&#8217;intelligence collective, cr\u00e9ez un environnement de confiance psychologique, instaurez des processus d\u00e9cisionnels ouverts et participatifs, et adoptez des outils collaboratifs comme la plateforme Low Code Axelor pour connecter efficacement toutes vos \u00e9quipes.<\/p>\n<p>[\/et_pb_text][\/et_pb_column][\/et_pb_row][et_pb_row module_id=&#8221;anchor6&#8243; module_class=&#8221;ver-center&#8221; _builder_version=&#8221;4.23.1&#8243; _module_preset=&#8221;default&#8221; width=&#8221;90%&#8221; max_width=&#8221;1380px&#8221; custom_margin=&#8221;||||false|false&#8221; custom_padding=&#8221;0px||||false|false&#8221; global_colors_info=&#8221;{}&#8221; theme_builder_area=&#8221;post_content&#8221; hover_enabled=&#8221;0&#8243; sticky_enabled=&#8221;0&#8243;][et_pb_column type=&#8221;4_4&#8243; _builder_version=&#8221;4.16&#8243; _module_preset=&#8221;default&#8221; global_colors_info=&#8221;{}&#8221; theme_builder_area=&#8221;post_content&#8221;][et_pb_text _builder_version=&#8221;4.23.1&#8243; _module_preset=&#8221;default&#8221; theme_builder_area=&#8221;post_content&#8221; hover_enabled=&#8221;0&#8243; sticky_enabled=&#8221;0&#8243; module_class=&#8221;light-gray-bg&#8221; custom_padding=&#8221;10px|15px|10px|15px|true|true&#8221; custom_margin=&#8221;||10px||false|false&#8221;]<\/p>\n<p style=\"text-align: left;\"><strong>\u2609 Quels outils privil\u00e9gier pour l&#8217;intelligence collective ?<\/strong><\/p>\n<p>[\/et_pb_text][et_pb_text _builder_version=&#8221;4.23.1&#8243; _module_preset=&#8221;default&#8221; theme_builder_area=&#8221;post_content&#8221; hover_enabled=&#8221;0&#8243; sticky_enabled=&#8221;0&#8243; custom_padding=&#8221;|15px||15px|false|true&#8221;]<\/p>\n<p style=\"text-align: left;\">Les outils essentiels incluent un ERP collaboratif int\u00e9gr\u00e9, des solutions de gestion de projet agile, des outils de Business Intelligence partag\u00e9e, et des plateformes Low Code personnalisables.<\/p>\n<p style=\"text-align: left;\">La suite logicielle Axelor r\u00e9unit tous ces outils au sein d&#8217;un \u00e9cosyst\u00e8me parfaitement int\u00e9gr\u00e9 et coh\u00e9rent.<\/p>\n<p>[\/et_pb_text][\/et_pb_column][\/et_pb_row][et_pb_row module_id=&#8221;anchor6&#8243; module_class=&#8221;ver-center&#8221; _builder_version=&#8221;4.23.1&#8243; _module_preset=&#8221;default&#8221; width=&#8221;90%&#8221; max_width=&#8221;1380px&#8221; custom_margin=&#8221;||||false|false&#8221; custom_padding=&#8221;0px||||false|false&#8221; global_colors_info=&#8221;{}&#8221; theme_builder_area=&#8221;post_content&#8221; hover_enabled=&#8221;0&#8243; sticky_enabled=&#8221;0&#8243;][et_pb_column type=&#8221;4_4&#8243; _builder_version=&#8221;4.16&#8243; _module_preset=&#8221;default&#8221; global_colors_info=&#8221;{}&#8221; theme_builder_area=&#8221;post_content&#8221;][et_pb_text _builder_version=&#8221;4.23.1&#8243; _module_preset=&#8221;default&#8221; theme_builder_area=&#8221;post_content&#8221; hover_enabled=&#8221;0&#8243; sticky_enabled=&#8221;0&#8243; module_class=&#8221;light-gray-bg&#8221; custom_padding=&#8221;10px|15px|10px|15px|true|true&#8221; custom_margin=&#8221;||10px||false|false&#8221;]<\/p>\n<p style=\"text-align: left;\"><strong>\u2609 Comment Axelor favorise concr\u00e8tement l&#8217;intelligence collective ?<\/strong><\/p>\n<p>[\/et_pb_text][et_pb_text _builder_version=&#8221;4.23.1&#8243; _module_preset=&#8221;default&#8221; theme_builder_area=&#8221;post_content&#8221; hover_enabled=&#8221;0&#8243; sticky_enabled=&#8221;0&#8243; custom_padding=&#8221;|15px||15px|false|true&#8221;]<\/p>\n<p style=\"text-align: left;\">Axelor digitalise et centralise l&#8217;ensemble des processus m\u00e9tiers pour faciliter la co-cr\u00e9ation, am\u00e9liorer la visibilit\u00e9 transversale et fluidifier la prise de d\u00e9cision collective, tout en stimulant l&#8217;innovation collaborative continue.<\/p>\n<p>[\/et_pb_text][\/et_pb_column][\/et_pb_row][\/et_pb_section][et_pb_section fb_built=&#8221;1&#8243; module_class=&#8221;light-gray-bg&#8221; _builder_version=&#8221;4.23.1&#8243; background_enable_color=&#8221;off&#8221; custom_padding=&#8221;75px||75px||true|false&#8221; locked=&#8221;off&#8221; global_colors_info=&#8221;{}&#8221; theme_builder_area=&#8221;post_content&#8221; hover_enabled=&#8221;0&#8243; sticky_enabled=&#8221;0&#8243;][et_pb_row module_id=&#8221;anchor10&#8243; module_class=&#8221;ver-center&#8221; _builder_version=&#8221;4.23.1&#8243; _module_preset=&#8221;default&#8221; width=&#8221;90%&#8221; max_width=&#8221;1380px&#8221; custom_margin=&#8221;||||false|false&#8221; custom_padding=&#8221;35px|35px|35px|35px|true|true&#8221; global_colors_info=&#8221;{}&#8221; theme_builder_area=&#8221;post_content&#8221; hover_enabled=&#8221;0&#8243; sticky_enabled=&#8221;0&#8243; background_color=&#8221;#FFFFFF&#8221;][et_pb_column type=&#8221;4_4&#8243; _builder_version=&#8221;4.16&#8243; _module_preset=&#8221;default&#8221; global_colors_info=&#8221;{}&#8221; theme_builder_area=&#8221;post_content&#8221;][et_pb_text _builder_version=&#8221;4.23.1&#8243; _module_preset=&#8221;default&#8221; header_2_font_size=&#8221;36px&#8221; custom_margin=&#8221;||30px||false|false&#8221; custom_padding=&#8221;||||false|false&#8221; global_colors_info=&#8221;{}&#8221; theme_builder_area=&#8221;post_content&#8221; hover_enabled=&#8221;0&#8243; sticky_enabled=&#8221;0&#8243; header_2_font_size_last_edited=&#8221;on|phone&#8221; header_2_font_size_phone=&#8221;26px&#8221; header_2_font_size_tablet=&#8221;36px&#8221;]<\/p>\n<h2 style=\"text-align: center;\">Conclusion : faire de l&#8217;intelligence collective un moteur d&#8217;innovation durable<\/h2>\n<p>[\/et_pb_text][et_pb_divider color=&#8221;#3ECF8E&#8221; divider_weight=&#8221;2px&#8221; _builder_version=&#8221;4.23.1&#8243; _module_preset=&#8221;default&#8221; max_width=&#8221;50px&#8221; custom_margin=&#8221;||0px||false|false&#8221; global_colors_info=&#8221;{}&#8221; theme_builder_area=&#8221;post_content&#8221; module_alignment=&#8221;center&#8221; hover_enabled=&#8221;0&#8243; sticky_enabled=&#8221;0&#8243;][\/et_pb_divider][et_pb_text _builder_version=&#8221;4.23.1&#8243; _module_preset=&#8221;default&#8221; theme_builder_area=&#8221;post_content&#8221; max_width=&#8221;80%&#8221; module_alignment=&#8221;center&#8221; hover_enabled=&#8221;0&#8243; sticky_enabled=&#8221;0&#8243;]<\/p>\n<p style=\"text-align: center;\">L&#8217;intelligence collective n&#8217;est pas un concept th\u00e9orique abstrait : c&#8217;est une strat\u00e9gie de management moderne \u00e9prouv\u00e9e et un facteur d\u00e9terminant de performance durable pour les organisations.<\/p>\n<p style=\"text-align: center;\">En pla\u00e7ant le collectif au c\u0153ur des processus d\u00e9cisionnels et op\u00e9rationnels, et en s&#8217;appuyant sur des solutions technologiques adapt\u00e9es comme Axelor, les entreprises transforment profond\u00e9ment leur mode de fonctionnement et lib\u00e8rent le potentiel cr\u00e9atif de leurs \u00e9quipes.<\/p>\n<p>[\/et_pb_text][et_pb_text _builder_version=&#8221;4.23.1&#8243; _module_preset=&#8221;default&#8221; theme_builder_area=&#8221;post_content&#8221; hover_enabled=&#8221;0&#8243; sticky_enabled=&#8221;0&#8243; max_width=&#8221;80%&#8221; module_alignment=&#8221;center&#8221;]<\/p>\n<h3 style=\"text-align: center;\">Passez \u00e0 l&#8217;action d\u00e8s aujourd&#8217;hui !<\/h3>\n<p style=\"text-align: center;\">Demandez une d\u00e9mo Axelor et d\u00e9couvrez comment nos solutions ERP, BPM et Low Code concr\u00e9tisent l&#8217;intelligence collective au quotidien dans votre organisation.<\/p>\n<p>[\/et_pb_text][et_pb_code _builder_version=&#8221;4.23.1&#8243; _module_preset=&#8221;default&#8221; custom_margin=&#8221;30px||||false|false&#8221; global_colors_info=&#8221;{}&#8221; theme_builder_area=&#8221;post_content&#8221; locked=&#8221;off&#8221; hover_enabled=&#8221;0&#8243; sticky_enabled=&#8221;0&#8243;]<\/p>\n<div class=\"button-group center\"><!-- [et_pb_line_break_holder] -->  <a href=\"https:\/\/axelor.com\/fr\/demande-axelor-demo\/\" class=\"button first\"><!-- [et_pb_line_break_holder] -->Demandez votre d\u00e9monstration<!-- [et_pb_line_break_holder] --><\/a><!-- [et_pb_line_break_holder] --><\/div>\n<p>[\/et_pb_code][\/et_pb_column][\/et_pb_row][\/et_pb_section][et_pb_section fb_built=&#8221;1&#8243; module_id=&#8221;form&#8221; _builder_version=&#8221;4.23.1&#8243; _module_preset=&#8221;default&#8221; background_color_gradient_direction=&#8221;200deg&#8221; locked=&#8221;off&#8221; global_colors_info=&#8221;{}&#8221; theme_builder_area=&#8221;post_content&#8221;][et_pb_row _builder_version=&#8221;4.16&#8243; _module_preset=&#8221;default&#8221; width=&#8221;90%&#8221; max_width=&#8221;1380px&#8221; global_colors_info=&#8221;{}&#8221; theme_builder_area=&#8221;post_content&#8221;][et_pb_column type=&#8221;4_4&#8243; _builder_version=&#8221;4.16&#8243; _module_preset=&#8221;default&#8221; global_colors_info=&#8221;{}&#8221; theme_builder_area=&#8221;post_content&#8221;][et_pb_text _builder_version=&#8221;4.16&#8243; _module_preset=&#8221;default&#8221; custom_margin=&#8221;||0px||false|false&#8221; header_2_font_size_tablet=&#8221;&#8221; header_2_font_size_phone=&#8221;1.8em&#8221; header_2_font_size_last_edited=&#8221;on|phone&#8221; global_colors_info=&#8221;{}&#8221; theme_builder_area=&#8221;post_content&#8221;]<\/p>\n<h2 style=\"text-align: center;\">D\u00e9couvrez comment notre ERP peut vous aider \u00e0 am\u00e9liorer la performance de votre entreprise<\/h2>\n<p>[\/et_pb_text][et_pb_text _builder_version=&#8221;4.16&#8243; _module_preset=&#8221;default&#8221; global_colors_info=&#8221;{}&#8221; theme_builder_area=&#8221;post_content&#8221;]<\/p>\n<p style=\"text-align: center;\" class=\"text-xl\">Un expert vous contactera rapidement pour \u00e9changer sur votre projet.<\/p>\n<p>[\/et_pb_text][et_pb_text module_class=&#8221;light-gray-bg&#8221; _builder_version=&#8221;4.23.1&#8243; _module_preset=&#8221;default&#8221; background_enable_color=&#8221;off&#8221; width=&#8221;90%&#8221; max_width=&#8221;880px&#8221; custom_padding=&#8221;40px|40px|40px|40px|true|true&#8221; custom_css_main_element=&#8221;width:fit-content;||margin: 0 auto;&#8221; border_radii=&#8221;on|4px|4px|4px|4px&#8221; global_colors_info=&#8221;{}&#8221; theme_builder_area=&#8221;post_content&#8221;]<\/p>\n\n<div class=\"wpcf7 no-js\" id=\"wpcf7-f359421-o1\" lang=\"fr-FR\" dir=\"ltr\">\n<div class=\"screen-reader-response\"><p role=\"status\" aria-live=\"polite\" aria-atomic=\"true\"><\/p> <ul><\/ul><\/div>\n<form action=\"\/fr\/wp-json\/wp\/v2\/pages\/386198#wpcf7-f359421-o1\" method=\"post\" class=\"wpcf7-form init\" aria-label=\"Formulaire de contact\" novalidate=\"novalidate\" data-status=\"init\">\n<div style=\"display: none;\">\n<input type=\"hidden\" name=\"_wpcf7\" value=\"359421\" \/>\n<input type=\"hidden\" name=\"_wpcf7_version\" value=\"5.8.7\" \/>\n<input type=\"hidden\" name=\"_wpcf7_locale\" value=\"fr_FR\" \/>\n<input type=\"hidden\" name=\"_wpcf7_unit_tag\" value=\"wpcf7-f359421-o1\" \/>\n<input type=\"hidden\" name=\"_wpcf7_container_post\" value=\"0\" \/>\n<input type=\"hidden\" name=\"_wpcf7_posted_data_hash\" value=\"\" \/>\n<input type=\"hidden\" name=\"_wpcf7cf_hidden_group_fields\" value=\"[]\" \/>\n<input type=\"hidden\" name=\"_wpcf7cf_hidden_groups\" value=\"[]\" \/>\n<input type=\"hidden\" name=\"_wpcf7cf_visible_groups\" value=\"[]\" \/>\n<input type=\"hidden\" name=\"_wpcf7cf_repeaters\" value=\"[]\" \/>\n<input type=\"hidden\" name=\"_wpcf7cf_steps\" value=\"{}\" \/>\n<input type=\"hidden\" name=\"_wpcf7cf_options\" value=\"{&quot;form_id&quot;:359421,&quot;conditions&quot;:[{&quot;then_field&quot;:&quot;departement&quot;,&quot;and_rules&quot;:[{&quot;if_field&quot;:&quot;your-country&quot;,&quot;operator&quot;:&quot;equals&quot;,&quot;if_value&quot;:&quot;France&quot;}]}],&quot;settings&quot;:{&quot;animation&quot;:&quot;yes&quot;,&quot;animation_intime&quot;:200,&quot;animation_outtime&quot;:200,&quot;conditions_ui&quot;:&quot;normal&quot;,&quot;notice_dismissed&quot;:false,&quot;notice_dismissed_update-cf7-5.8&quot;:true}}\" \/>\n<input type=\"hidden\" name=\"_wpcf7_recaptcha_response\" value=\"\" \/>\n<\/div>\n<div class=\"grid_form\">\n\t<div class=\"_3\">\n\t\t<div>\n\t\t\t<p><label for=\"your-firstname\">Pr\u00e9nom*<\/label><br \/>\n<span class=\"wpcf7-form-control-wrap\" data-name=\"your-firstname\"><input size=\"40\" class=\"wpcf7-form-control wpcf7-text wpcf7-validates-as-required\" aria-required=\"true\" aria-invalid=\"false\" value=\"\" type=\"text\" name=\"your-firstname\" \/><\/span>\n\t\t\t<\/p>\n\t\t<\/div>\n\t\t<div>\n\t\t\t<p><label for=\"your-name\">Nom*<\/label><br \/>\n<span class=\"wpcf7-form-control-wrap\" data-name=\"your-name\"><input size=\"40\" class=\"wpcf7-form-control wpcf7-text wpcf7-validates-as-required\" aria-required=\"true\" aria-invalid=\"false\" value=\"\" type=\"text\" name=\"your-name\" \/><\/span>\n\t\t\t<\/p>\n\t\t<\/div>\n\t\t<div>\n\t\t\t<p><label for=\"company-email\">Email professionnel*<\/label><br \/>\n<span class=\"wpcf7-form-control-wrap\" data-name=\"company-email\"><input size=\"40\" class=\"wpcf7-form-control wpcf7-email wpcf7-validates-as-required wpcf7-text wpcf7-validates-as-email\" aria-required=\"true\" aria-invalid=\"false\" value=\"\" type=\"email\" name=\"company-email\" \/><\/span>\n\t\t\t<\/p>\n\t\t<\/div>\n\t<\/div>\n\t<div>\n\t\t<p><label for=\"your-company\">Entreprise*<\/label><br \/>\n<span class=\"wpcf7-form-control-wrap\" data-name=\"your-company\"><input size=\"40\" class=\"wpcf7-form-control wpcf7-text wpcf7-validates-as-required\" aria-required=\"true\" aria-invalid=\"false\" value=\"\" type=\"text\" name=\"your-company\" \/><\/span>\n\t\t<\/p>\n\t<\/div>\n\t<div>\n\t\t<p><label for=\"role\">Fonction*<\/label><br \/>\n<span class=\"wpcf7-form-control-wrap\" data-name=\"role\"><input size=\"40\" class=\"wpcf7-form-control wpcf7-text wpcf7-validates-as-required\" aria-required=\"true\" aria-invalid=\"false\" value=\"\" type=\"text\" name=\"role\" \/><\/span>\n\t\t<\/p>\n\t<\/div>\n\t<div>\n\t\t<p><label>Taille de l'entreprise*<\/label><br \/>\n<span class=\"wpcf7-form-control-wrap\" data-name=\"company-size\"><select class=\"wpcf7-form-control wpcf7-select wpcf7-validates-as-required\" aria-required=\"true\" aria-invalid=\"false\" name=\"company-size\"><option value=\"\">&#8212;Veuillez choisir une option&#8212;<\/option><option value=\"1 \u00e0 10 employ\u00e9s\">1 \u00e0 10 employ\u00e9s<\/option><option value=\"10 \u00e0 30 employ\u00e9s\">10 \u00e0 30 employ\u00e9s<\/option><option value=\"30 \u00e0 100 employ\u00e9s\">30 \u00e0 100 employ\u00e9s<\/option><option value=\"100 \u00e0 500 employ\u00e9s\">100 \u00e0 500 employ\u00e9s<\/option><option value=\"+ de 500 employ\u00e9s\">+ de 500 employ\u00e9s<\/option><\/select><\/span>\n\t\t<\/p>\n\t<\/div>\n\t<div>\n\t\t<p><label for=\"your-phone\">T\u00e9l\u00e9phone*<\/label><br \/>\n<span class=\"wpcf7-form-control-wrap\" data-name=\"your-phone\"><input size=\"40\" class=\"wpcf7-form-control wpcf7-tel wpcf7-validates-as-required wpcf7-text wpcf7-validates-as-tel\" aria-required=\"true\" aria-invalid=\"false\" value=\"\" type=\"tel\" name=\"your-phone\" \/><\/span>\n\t\t<\/p>\n\t<\/div>\n\t<div>\n\t\t<p><label for=\"your-country\">Pays*<\/label><br \/>\n<span class=\"wpcf7-form-control-wrap\" data-name=\"your-country\"><input size=\"40\" class=\"wpcf7-form-control wpcf7-countrytext wpcf7-text wpcf7-validates-as-countrytext\" aria-invalid=\"false\" value=\"France\" type=\"text\" name=\"your-country\" \/><\/span>\n\t\t<\/p>\n\t<\/div>\n\t<div>\n\t\t<div data-id=\"departement\" data-orig_data_id=\"departement\"  data-class=\"wpcf7cf_group\">\n\t\t\t<p><label for=\"dep-choice\">D\u00e9partement*<\/label><br \/>\n<span class=\"wpcf7-form-control-wrap\" data-name=\"dep-choice\"><select class=\"wpcf7-form-control wpcf7-select wpcf7-validates-as-required\" aria-required=\"true\" aria-invalid=\"false\" name=\"dep-choice\"><option value=\"\">&#8212;Veuillez choisir une option&#8212;<\/option><option value=\"01 - Ain\">01 - Ain<\/option><option value=\"02 - Aisne\">02 - Aisne<\/option><option value=\"2A - Corse-du-sud\">2A - Corse-du-sud<\/option><option value=\"2B - Haute-Corse\">2B - Haute-Corse<\/option><option value=\"03 - Allier\">03 - Allier<\/option><option value=\"04 - Alpes-de-Haute-Provence\">04 - Alpes-de-Haute-Provence<\/option><option value=\"05 - Hautes-alpes\">05 - Hautes-alpes<\/option><option value=\"06 - Alpes-maritimes\">06 - Alpes-maritimes<\/option><option value=\"07 - Ard\u00e8che\">07 - Ard\u00e8che<\/option><option value=\"08 - Ardennes\">08 - Ardennes<\/option><option value=\"09 - Ari\u00e8ge\">09 - Ari\u00e8ge<\/option><option value=\"10 - Aube\">10 - Aube<\/option><option value=\"11 - Aude\">11 - Aude<\/option><option value=\"12 - Aveyron\">12 - Aveyron<\/option><option value=\"13 - Bouches-du-Rh\u00f4ne\">13 - Bouches-du-Rh\u00f4ne<\/option><option value=\"14 - Calvados\">14 - Calvados<\/option><option value=\"15 - Cantal\">15 - Cantal<\/option><option value=\"16 - Charente\">16 - Charente<\/option><option value=\"17 - Charente-maritime\">17 - Charente-maritime<\/option><option value=\"18 - Cher\">18 - Cher<\/option><option value=\"19 - Corr\u00e8ze\">19 - Corr\u00e8ze<\/option><option value=\"21 - C\u00f4te-d&#039;Or\">21 - C\u00f4te-d&#039;Or<\/option><option value=\"22 - C\u00f4tes-d&#039;Armor\">22 - C\u00f4tes-d&#039;Armor<\/option><option value=\"23 - Creuse\">23 - Creuse<\/option><option value=\"24 - Dordogne\">24 - Dordogne<\/option><option value=\"25 - Doubs\">25 - Doubs<\/option><option value=\"26 - Dr\u00f4me\">26 - Dr\u00f4me<\/option><option value=\"27 - Eure\">27 - Eure<\/option><option value=\"28 - Eure-et-loir\">28 - Eure-et-loir<\/option><option value=\"29 - Finist\u00e8re\">29 - Finist\u00e8re<\/option><option value=\"30 - Gard\">30 - Gard<\/option><option value=\"31 - Haute-garonne\">31 - Haute-garonne<\/option><option value=\"32 - Gers\">32 - Gers<\/option><option value=\"33 - Gironde\">33 - Gironde<\/option><option value=\"34 - H\u00e9rault\">34 - H\u00e9rault<\/option><option value=\"35 - Ille-et-vilaine\">35 - Ille-et-vilaine<\/option><option value=\"36 - Indre\">36 - Indre<\/option><option value=\"37 - Indre-et-loire\">37 - Indre-et-loire<\/option><option value=\"38 - Is\u00e8re\">38 - Is\u00e8re<\/option><option value=\"39 - Jura\">39 - Jura<\/option><option value=\"40 - Landes\">40 - Landes<\/option><option value=\"41 - Loir-et-cher\">41 - Loir-et-cher<\/option><option value=\"42 - Loire\">42 - Loire<\/option><option value=\"43 - Haute-loire\">43 - Haute-loire<\/option><option value=\"44 - Loire-atlantique\">44 - Loire-atlantique<\/option><option value=\"45 - Loiret\">45 - Loiret<\/option><option value=\"46 - Lot\">46 - Lot<\/option><option value=\"47 - Lot-et-garonne\">47 - Lot-et-garonne<\/option><option value=\"48 - Loz\u00e8re\">48 - Loz\u00e8re<\/option><option value=\"49 - Maine-et-loire\">49 - Maine-et-loire<\/option><option value=\"50 - Manche\">50 - Manche<\/option><option value=\"51 - Marne\">51 - Marne<\/option><option value=\"52 - Haute-marne\">52 - Haute-marne<\/option><option value=\"53 - Mayenne\">53 - Mayenne<\/option><option value=\"54 - Meurthe-et-moselle\">54 - Meurthe-et-moselle<\/option><option value=\"55 - Meuse\">55 - Meuse<\/option><option value=\"56 - Morbihan\">56 - Morbihan<\/option><option value=\"57 - Moselle\">57 - Moselle<\/option><option value=\"58 - Ni\u00e8vre\">58 - Ni\u00e8vre<\/option><option value=\"59 - Nord\">59 - Nord<\/option><option value=\"60 - Oise\">60 - Oise<\/option><option value=\"61 - Orne\">61 - Orne<\/option><option value=\"62 - Pas-de-calais\">62 - Pas-de-calais<\/option><option value=\"63 - Puy-de-d\u00f4me\">63 - Puy-de-d\u00f4me<\/option><option value=\"64 - Pyr\u00e9n\u00e9es-atlantiques\">64 - Pyr\u00e9n\u00e9es-atlantiques<\/option><option value=\"65 - Hautes-Pyr\u00e9n\u00e9es\">65 - Hautes-Pyr\u00e9n\u00e9es<\/option><option value=\"66 - Pyr\u00e9n\u00e9es-orientales\">66 - Pyr\u00e9n\u00e9es-orientales<\/option><option value=\"67 - Bas-rhin\">67 - Bas-rhin<\/option><option value=\"68 - Haut-rhin\">68 - Haut-rhin<\/option><option value=\"69 - Rh\u00f4ne\">69 - Rh\u00f4ne<\/option><option value=\"70 - Haute-sa\u00f4ne\">70 - Haute-sa\u00f4ne<\/option><option value=\"71 - Sa\u00f4ne-et-loire\">71 - Sa\u00f4ne-et-loire<\/option><option value=\"72 - Sarthe\">72 - Sarthe<\/option><option value=\"73 - Savoie\">73 - Savoie<\/option><option value=\"74 - Haute-savoie\">74 - Haute-savoie<\/option><option value=\"75 - Paris\">75 - Paris<\/option><option value=\"76 - Seine-maritime\">76 - Seine-maritime<\/option><option value=\"77 - Seine-et-marne\">77 - Seine-et-marne<\/option><option value=\"78 - Yvelines\">78 - Yvelines<\/option><option value=\"79 - Deux-s\u00e8vres\">79 - Deux-s\u00e8vres<\/option><option value=\"80 - Somme\">80 - Somme<\/option><option value=\"81 - Tarn\">81 - Tarn<\/option><option value=\"82 - Tarn-et-Garonne\">82 - Tarn-et-Garonne<\/option><option value=\"83 - Var\">83 - Var<\/option><option value=\"84 - Vaucluse\">84 - Vaucluse<\/option><option value=\"85 - Vend\u00e9e\">85 - Vend\u00e9e<\/option><option value=\"86 - Vienne\">86 - Vienne<\/option><option value=\"87 - Haute-vienne\">87 - Haute-vienne<\/option><option value=\"88 - Vosges\">88 - Vosges<\/option><option value=\"89 - Yonne\">89 - Yonne<\/option><option value=\"90 - Territoire de belfort\">90 - Territoire de belfort<\/option><option value=\"91 - Essonne\">91 - Essonne<\/option><option value=\"92 - Hauts-de-seine\">92 - Hauts-de-seine<\/option><option value=\"93 - Seine-Saint-Denis\">93 - Seine-Saint-Denis<\/option><option value=\"94 - Val-de-marne\">94 - Val-de-marne<\/option><option value=\"95 - Val-d&#039;Oise\">95 - Val-d&#039;Oise<\/option><option value=\"971 - Guadeloupe\">971 - Guadeloupe<\/option><option value=\"972 - Martinique\">972 - Martinique<\/option><option value=\"973 - Guyane\">973 - Guyane<\/option><option value=\"974 - La r\u00e9union\">974 - La r\u00e9union<\/option><option value=\"976 - Mayotte\">976 - Mayotte<\/option><\/select><\/span>\n\t\t\t<\/p>\n\t\t<\/div>\n\t<\/div>\n\t<div class=\"fwidth-input\">\n\t\t<p><label for=\"your-message\">Message*<\/label><br \/>\n<span class=\"wpcf7-form-control-wrap\" data-name=\"your-message\"><textarea cols=\"40\" rows=\"10\" class=\"wpcf7-form-control wpcf7-textarea wpcf7-validates-as-required\" aria-required=\"true\" aria-invalid=\"false\" name=\"your-message\"><\/textarea><\/span>\n\t\t<\/p>\n\t<\/div>\n<\/div>\n<p><input class=\"wpcf7-form-control wpcf7-submit has-spinner\" type=\"submit\" value=\"Envoyer\" \/><br \/>\n<span class=\"text-xs\">Axelor recueille vos donn\u00e9es afin de r\u00e9pondre \u00e0 votre demande et \u00e9ventuellement de d\u00e9velopper avec vous une relation commerciale. Pour en savoir plus sur la gestion de vos donn\u00e9es personnelles et pour exercer vos droits, reportez-vous \u00e0 notre <a href=\"https:\/\/axelor.com\/fr\/politique-de-confidentialite\/\">Politique de Confidentialit\u00e9<\/a>.<\/span>\n<\/p><div class=\"wpcf7-response-output\" aria-hidden=\"true\"><\/div>\n<\/form>\n<\/div>\n\n<p>[\/et_pb_text][\/et_pb_column][\/et_pb_row][\/et_pb_section][et_pb_section fb_built=&#8221;1&#8243; _builder_version=&#8221;4.23.1&#8243; _module_preset=&#8221;default&#8221; background_color=&#8221;#cdcdfe&#8221; custom_padding=&#8221;0px||0px||true|false&#8221; locked=&#8221;off&#8221; global_colors_info=&#8221;{}&#8221; theme_builder_area=&#8221;post_content&#8221;][et_pb_row column_structure=&#8221;1_4,3_4&#8243; use_custom_gutter=&#8221;on&#8221; gutter_width=&#8221;1&#8243; module_class=&#8221;ver-center&#8221; _builder_version=&#8221;4.23.1&#8243; _module_preset=&#8221;default&#8221; width=&#8221;90%&#8221; max_width=&#8221;1380px&#8221; custom_margin=&#8221;||||false|false&#8221; locked=&#8221;off&#8221; global_colors_info=&#8221;{}&#8221; theme_builder_area=&#8221;post_content&#8221;][et_pb_column type=&#8221;1_4&#8243; _builder_version=&#8221;4.23.1&#8243; _module_preset=&#8221;default&#8221; custom_padding=&#8221;|30px|||false|false&#8221; global_colors_info=&#8221;{}&#8221; theme_builder_area=&#8221;post_content&#8221;][et_pb_image src=&#8221;https:\/\/axelor.com\/wp-content\/uploads\/2023\/09\/5939836-ai.png&#8221; align=&#8221;right&#8221; _builder_version=&#8221;4.23.1&#8243; _module_preset=&#8221;default&#8221; max_width=&#8221;56px&#8221; module_alignment=&#8221;right&#8221; custom_margin=&#8221;||||false|false&#8221; custom_padding=&#8221;||||false|true&#8221; module_alignment_tablet=&#8221;left&#8221; module_alignment_phone=&#8221;left&#8221; module_alignment_last_edited=&#8221;on|phone&#8221; global_colors_info=&#8221;{}&#8221; theme_builder_area=&#8221;post_content&#8221;][\/et_pb_image][\/et_pb_column][et_pb_column type=&#8221;3_4&#8243; _builder_version=&#8221;4.16&#8243; _module_preset=&#8221;default&#8221; global_colors_info=&#8221;{}&#8221; theme_builder_area=&#8221;post_content&#8221;][et_pb_text _builder_version=&#8221;4.23.1&#8243; _module_preset=&#8221;default&#8221; global_colors_info=&#8221;{}&#8221; theme_builder_area=&#8221;post_content&#8221; hover_enabled=&#8221;0&#8243; sticky_enabled=&#8221;0&#8243;]<\/p>\n<p style=\"text-align: left; color: #010165; font-size: 12px;\">27 mars 2026, 17:00<br \/><strong style=\"color: #010165; font-size: 16px;\">Anthony FERRARI<\/strong> <span style=\"color: #010165; font-size: 12px;\">Directeur Produit &#8211; PMO<\/span><\/p>\n<p>[\/et_pb_text][\/et_pb_column][\/et_pb_row][\/et_pb_section]<\/p>\n","protected":false},"excerpt":{"rendered":"<p>Axelor > Guide ERP > Intelligence collective : d\u00e9cuplez la force de vos \u00e9quipesIntelligence collectiveIntelligence collective : d\u00e9finition, principes et applications concr\u00e8tes en entrepriseDans un monde o\u00f9 la transformation digitale red\u00e9finit les modes de travail, les entreprises performantes ne s&#8217;appuient plus uniquement sur des experts isol\u00e9s. Elles misent sur leur capacit\u00e9 \u00e0 mobiliser l&#8217;intelligence collective pour innover et gagner en efficacit\u00e9. Cette approche [&hellip;]<\/p>\n","protected":false},"author":16,"featured_media":0,"parent":0,"menu_order":0,"comment_status":"closed","ping_status":"closed","template":"","meta":{"_acf_changed":false,"_et_pb_use_builder":"on","_et_pb_old_content":"","_et_gb_content_width":"","content-type":"","inline_featured_image":false,"footnotes":""},"acf":[],"yoast_head":"<!-- This site is optimized with the Yoast SEO plugin v22.0 - https:\/\/yoast.com\/wordpress\/plugins\/seo\/ -->\n<title>Intelligence collective : d\u00e9cuplez la force de vos \u00e9quipes | Axelor<\/title>\n<meta name=\"description\" content=\"D\u00e9couvrez l&#039;intelligence collective, ses principes et avantages pour booster l&#039;efficacit\u00e9. Exemples &amp; conseils pratiques.\" \/>\n<meta name=\"robots\" content=\"index, follow, max-snippet:-1, max-image-preview:large, max-video-preview:-1\" \/>\n<link rel=\"canonical\" href=\"https:\/\/axelor.com\/fr\/intelligence-collective\/\" \/>\n<meta property=\"og:locale\" content=\"fr_FR\" \/>\n<meta property=\"og:type\" content=\"article\" \/>\n<meta property=\"og:title\" content=\"Intelligence collective : d\u00e9cuplez la force de vos \u00e9quipes | Axelor\" \/>\n<meta property=\"og:description\" content=\"D\u00e9couvrez l&#039;intelligence collective, ses principes et avantages pour booster l&#039;efficacit\u00e9. Exemples &amp; conseils pratiques.\" \/>\n<meta property=\"og:url\" content=\"https:\/\/axelor.com\/fr\/intelligence-collective\/\" \/>\n<meta property=\"og:site_name\" content=\"Axelor\" \/>\n<meta property=\"article:modified_time\" content=\"2026-03-30T16:05:01+00:00\" \/>\n<meta name=\"twitter:card\" content=\"summary_large_image\" \/>\n<script type=\"application\/ld+json\" class=\"yoast-schema-graph\">{\"@context\":\"https:\/\/schema.org\",\"@graph\":[{\"@type\":\"WebPage\",\"@id\":\"https:\/\/axelor.com\/fr\/intelligence-collective\/\",\"url\":\"https:\/\/axelor.com\/fr\/intelligence-collective\/\",\"name\":\"Intelligence collective : d\u00e9cuplez la force de vos \u00e9quipes | Axelor\",\"isPartOf\":{\"@id\":\"https:\/\/axelor.com\/#website\"},\"datePublished\":\"2026-03-24T10:42:08+00:00\",\"dateModified\":\"2026-03-30T16:05:01+00:00\",\"description\":\"D\u00e9couvrez l'intelligence collective, ses principes et avantages pour booster l'efficacit\u00e9. Exemples & conseils pratiques.\",\"breadcrumb\":{\"@id\":\"https:\/\/axelor.com\/fr\/intelligence-collective\/#breadcrumb\"},\"inLanguage\":\"fr-FR\",\"potentialAction\":[{\"@type\":\"ReadAction\",\"target\":[\"https:\/\/axelor.com\/fr\/intelligence-collective\/\"]}]},{\"@type\":\"BreadcrumbList\",\"@id\":\"https:\/\/axelor.com\/fr\/intelligence-collective\/#breadcrumb\",\"itemListElement\":[{\"@type\":\"ListItem\",\"position\":1,\"name\":\"Accueil\",\"item\":\"https:\/\/axelor.com\/\"},{\"@type\":\"ListItem\",\"position\":2,\"name\":\"Intelligence collective : d\u00e9cuplez la force de vos \u00e9quipes\"}]},{\"@type\":\"WebSite\",\"@id\":\"https:\/\/axelor.com\/#website\",\"url\":\"https:\/\/axelor.com\/\",\"name\":\"Axelor\",\"description\":\"ERP CRM BPM Open Source\",\"potentialAction\":[{\"@type\":\"SearchAction\",\"target\":{\"@type\":\"EntryPoint\",\"urlTemplate\":\"https:\/\/axelor.com\/?s={search_term_string}\"},\"query-input\":\"required name=search_term_string\"}],\"inLanguage\":\"fr-FR\"}]}<\/script>\n<!-- \/ Yoast SEO plugin. -->","yoast_head_json":{"title":"Intelligence collective : d\u00e9cuplez la force de vos \u00e9quipes | Axelor","description":"D\u00e9couvrez l'intelligence collective, ses principes et avantages pour booster l'efficacit\u00e9. Exemples & conseils pratiques.","robots":{"index":"index","follow":"follow","max-snippet":"max-snippet:-1","max-image-preview":"max-image-preview:large","max-video-preview":"max-video-preview:-1"},"canonical":"https:\/\/axelor.com\/fr\/intelligence-collective\/","og_locale":"fr_FR","og_type":"article","og_title":"Intelligence collective : d\u00e9cuplez la force de vos \u00e9quipes | Axelor","og_description":"D\u00e9couvrez l'intelligence collective, ses principes et avantages pour booster l'efficacit\u00e9. Exemples & conseils pratiques.","og_url":"https:\/\/axelor.com\/fr\/intelligence-collective\/","og_site_name":"Axelor","article_modified_time":"2026-03-30T16:05:01+00:00","twitter_card":"summary_large_image","schema":{"@context":"https:\/\/schema.org","@graph":[{"@type":"WebPage","@id":"https:\/\/axelor.com\/fr\/intelligence-collective\/","url":"https:\/\/axelor.com\/fr\/intelligence-collective\/","name":"Intelligence collective : d\u00e9cuplez la force de vos \u00e9quipes | Axelor","isPartOf":{"@id":"https:\/\/axelor.com\/#website"},"datePublished":"2026-03-24T10:42:08+00:00","dateModified":"2026-03-30T16:05:01+00:00","description":"D\u00e9couvrez l'intelligence collective, ses principes et avantages pour booster l'efficacit\u00e9. Exemples & conseils pratiques.","breadcrumb":{"@id":"https:\/\/axelor.com\/fr\/intelligence-collective\/#breadcrumb"},"inLanguage":"fr-FR","potentialAction":[{"@type":"ReadAction","target":["https:\/\/axelor.com\/fr\/intelligence-collective\/"]}]},{"@type":"BreadcrumbList","@id":"https:\/\/axelor.com\/fr\/intelligence-collective\/#breadcrumb","itemListElement":[{"@type":"ListItem","position":1,"name":"Accueil","item":"https:\/\/axelor.com\/"},{"@type":"ListItem","position":2,"name":"Intelligence collective : d\u00e9cuplez la force de vos \u00e9quipes"}]},{"@type":"WebSite","@id":"https:\/\/axelor.com\/#website","url":"https:\/\/axelor.com\/","name":"Axelor","description":"ERP CRM BPM Open Source","potentialAction":[{"@type":"SearchAction","target":{"@type":"EntryPoint","urlTemplate":"https:\/\/axelor.com\/?s={search_term_string}"},"query-input":"required name=search_term_string"}],"inLanguage":"fr-FR"}]}},"_links":{"self":[{"href":"https:\/\/axelor.com\/fr\/wp-json\/wp\/v2\/pages\/386198"}],"collection":[{"href":"https:\/\/axelor.com\/fr\/wp-json\/wp\/v2\/pages"}],"about":[{"href":"https:\/\/axelor.com\/fr\/wp-json\/wp\/v2\/types\/page"}],"author":[{"embeddable":true,"href":"https:\/\/axelor.com\/fr\/wp-json\/wp\/v2\/users\/16"}],"replies":[{"embeddable":true,"href":"https:\/\/axelor.com\/fr\/wp-json\/wp\/v2\/comments?post=386198"}],"version-history":[{"count":10,"href":"https:\/\/axelor.com\/fr\/wp-json\/wp\/v2\/pages\/386198\/revisions"}],"predecessor-version":[{"id":386357,"href":"https:\/\/axelor.com\/fr\/wp-json\/wp\/v2\/pages\/386198\/revisions\/386357"}],"wp:attachment":[{"href":"https:\/\/axelor.com\/fr\/wp-json\/wp\/v2\/media?parent=386198"}],"curies":[{"name":"wp","href":"https:\/\/api.w.org\/{rel}","templated":true}]}}